{"id":19000,"date":"2018-08-20T15:59:29","date_gmt":"2018-08-20T15:59:29","guid":{"rendered":"http:\/\/leonbijelic.com\/?post_type=avada_portfolio&#038;p=19000"},"modified":"2018-08-25T22:42:54","modified_gmt":"2018-08-25T22:42:54","slug":"spain-mallorca-island-palma-cala-millor","status":"publish","type":"avada_portfolio","link":"https:\/\/leonbijelic.com\/de\/portfolio-items\/spain-mallorca-island-palma-cala-millor\/","title":{"rendered":"SPANIEN: MALLORCA INSEL \/ PALMA \/ CALA MILLOR \/ FOTOS"},"content":{"rendered":"<div class=\"fusion-fullwidth fullwidth-box fusion-builder-row-1 fusion-flex-container nonhundred-percent-fullwidth non-hundred-percent-height-scrolling\" style=\"background-color: #ffffff;background-position: center center;background-repeat: no-repeat;border-width: 0px 0px 0px 0px;border-color:#eae9e9;border-style:solid;\" ><div class=\"fusion-builder-row fusion-row fusion-flex-align-items-flex-start\" style=\"max-width:calc( 1100px + 0px );margin-left: calc(-0px \/ 2 );margin-right: calc(-0px \/ 2 );\"><div class=\"fusion-layout-column fusion_builder_column fusion-builder-column-0 fusion_builder_column_1_1 1_1 fusion-flex-column\"><div class=\"fusion-column-wrapper fusion-flex-justify-content-flex-start fusion-content-layout-column\" style=\"background-position:left top;background-repeat:no-repeat;-webkit-background-size:cover;-moz-background-size:cover;-o-background-size:cover;background-size:cover;padding: 0px 0px 0px 0px;\"><div class=\"fusion-text fusion-text-1\"><h2>SPANIEN: MALLORCA INSEL \/ PALMA \/ CALA MILLOR &#8230;<\/h2>\n<p>SPANIEN: MALLORCA INSEL \/ PALMA \/ CALA MILLOR &#8230;<\/p>\n<p>__<\/p>\n<p style=\"text-align: justify;\">Mallorca oder Mallorca ist die gr\u00f6\u00dfte Insel der Balearen, die zu Spanien geh\u00f6ren und im Mittelmeer liegen. Wie die anderen Balearen von Menorca, Ibiza und Formentera, ist die Insel ein sehr beliebtes Urlaubsziel, besonders f\u00fcr Touristen aus Deutschland und dem Vereinigten K\u00f6nigreich.<\/p>\n<p><img loading=\"lazy\" decoding=\"async\" class=\"size-full wp-image-19001 aligncenter\" src=\"https:\/\/leonbijelic.com\/wp-content\/uploads\/2018\/08\/Mallorca-Hand-Painted-Map_2048x-2.jpg\" alt=\"\" width=\"1500\" height=\"1042\" srcset=\"https:\/\/leonbijelic.com\/wp-content\/uploads\/2018\/08\/Mallorca-Hand-Painted-Map_2048x-2-200x139.jpg 200w, https:\/\/leonbijelic.com\/wp-content\/uploads\/2018\/08\/Mallorca-Hand-Painted-Map_2048x-2-300x208.jpg 300w, https:\/\/leonbijelic.com\/wp-content\/uploads\/2018\/08\/Mallorca-Hand-Painted-Map_2048x-2-400x278.jpg 400w, https:\/\/leonbijelic.com\/wp-content\/uploads\/2018\/08\/Mallorca-Hand-Painted-Map_2048x-2-600x417.jpg 600w, https:\/\/leonbijelic.com\/wp-content\/uploads\/2018\/08\/Mallorca-Hand-Painted-Map_2048x-2-768x534.jpg 768w, https:\/\/leonbijelic.com\/wp-content\/uploads\/2018\/08\/Mallorca-Hand-Painted-Map_2048x-2-800x556.jpg 800w, https:\/\/leonbijelic.com\/wp-content\/uploads\/2018\/08\/Mallorca-Hand-Painted-Map_2048x-2-1024x711.jpg 1024w, https:\/\/leonbijelic.com\/wp-content\/uploads\/2018\/08\/Mallorca-Hand-Painted-Map_2048x-2-1200x834.jpg 1200w, https:\/\/leonbijelic.com\/wp-content\/uploads\/2018\/08\/Mallorca-Hand-Painted-Map_2048x-2.jpg 1500w\" sizes=\"(max-width: 1500px) 100vw, 1500px\" \/><\/p>\n<p style=\"text-align: justify;\">Mallorca ist fl\u00e4chenm\u00e4\u00dfig die gr\u00f6\u00dfte Insel Spaniens und nach Teneriffa auf den Kanarischen Inseln am zweitgr\u00f6\u00dften. Mallorca hat zwei Bergregionen, die Serra de Tramuntana und Serres de Llevant. Sie sind jeweils etwa 70 km lang und besetzen den nordwestlichen und \u00f6stlichen Teil der Insel.<\/p>\n<p style=\"text-align: justify;\">Der h\u00f6chste Gipfel Mallorcas ist Puig Major auf 1445 m H\u00f6he in der Serra de Tramuntana. [19] Da es sich um eine Milit\u00e4rzone handelt, ist der benachbarte Gipfel Puig de Massanella der h\u00f6chste erreichbare Gipfel auf 1.364 m. Die Nordostk\u00fcste umfasst zwei Buchten: die Badia de Pollen\u00e7a und die gr\u00f6\u00dfere Badia d&#8217;Alc\u00fadia.<\/p>\n<p style=\"text-align: center;\">_<\/p>\n<p style=\"text-align: center;\">Mallorca: Palma, Porto Cristo, Cala Millor &#8230;<br \/>\nFoto:<a href=\"https:\/\/www.instagram.com\/leonbijelic\/\"> @leonbijelic<\/a><br \/>\n_<\/p>\n<p style=\"text-align: center;\"><strong>GALERIE<\/strong><\/p>\n<p style=\"text-align: center;\">Warten Sie 10 Sekunden, wenn die Fotos noch nicht geladen sind<\/p>\n<\/div><style type=\"text\/css\">.fusion-gallery-1 .fusion-gallery-image {border:0px solid #f6f6f6;}<\/style><div class=\"fusion-gallery fusion-gallery-container fusion-grid-3 fusion-columns-total-71 fusion-gallery-layout-grid fusion-gallery-1\" style=\"margin:-5px;\"><div style=\"padding:5px;\" class=\"fusion-grid-column fusion-gallery-column fusion-gallery-column-3 hover-type-none\"><div class=\"fusion-gallery-image\"><a href=\"https:\/\/leonbijelic.com\/wp-content\/uploads\/2018\/08\/AJ2Q2989.jpg\" rel=\"noreferrer\" data-rel=\"iLightbox[gallery_image_1]\" class=\"fusion-lightbox\"><img fetchpriority=\"high\" fetchpriority=\"high\" decoding=\"async\" src=\"https:\/\/leonbijelic.com\/wp-content\/uploads\/2018\/08\/AJ2Q2989.jpg\" width=\"1000\" height=\"1500\" alt=\"SPAIN: MALLORCA ISLAND \/ PALMA \/ PORTO CRISTO \/ CAVES DEL DRACH \/ PHOTOS \/ PHOTOGRAPHS \/ WALLPAPER \/ LEON BIJELIC \/ PHOTOGRAPHY \/ PHOTOGRAPHER \/ VOCATION \/ HOTEL\" title=\"AJ2Q2989\" aria-label=\"AJ2Q2989\" class=\"img-responsive wp-image-19023\" srcset=\"https:\/\/leonbijelic.com\/wp-content\/uploads\/2018\/08\/AJ2Q2989-200x300.jpg 200w, https:\/\/leonbijelic.com\/wp-content\/uploads\/2018\/08\/AJ2Q2989-400x600.jpg 400w, https:\/\/leonbijelic.com\/wp-content\/uploads\/2018\/08\/AJ2Q2989-600x900.jpg 600w, https:\/\/leonbijelic.com\/wp-content\/uploads\/2018\/08\/AJ2Q2989-800x1200.jpg 800w, https:\/\/leonbijelic.com\/wp-content\/uploads\/2018\/08\/AJ2Q2989.jpg 1000w\" sizes=\"(min-width: 2200px) 100vw, (min-width: 824px) 363px, (min-width: 732px) 545px, (min-width: 640px) 732px, \" \/><\/a><\/div><\/div><div style=\"padding:5px;\" class=\"fusion-grid-column fusion-gallery-column fusion-gallery-column-3 hover-type-none\"><div class=\"fusion-gallery-image\"><a href=\"https:\/\/leonbijelic.com\/wp-content\/uploads\/2018\/08\/AJ2Q2990.jpg\" rel=\"noreferrer\" data-rel=\"iLightbox[gallery_image_1]\" class=\"fusion-lightbox\"><img decoding=\"async\" src=\"https:\/\/leonbijelic.com\/wp-content\/uploads\/2018\/08\/AJ2Q2990.jpg\" width=\"1000\" height=\"1500\" alt=\"SPAIN: MALLORCA ISLAND \/ PALMA \/ PORTO CRISTO \/ CAVES DEL DRACH \/ PHOTOS \/ PHOTOGRAPHS \/ WALLPAPER \/ LEON BIJELIC \/ PHOTOGRAPHY \/ PHOTOGRAPHER \/ VOCATION \/ HOTEL\" title=\"AJ2Q2990\" aria-label=\"AJ2Q2990\" class=\"img-responsive wp-image-19024\" srcset=\"https:\/\/leonbijelic.com\/wp-content\/uploads\/2018\/08\/AJ2Q2990-200x300.jpg 200w, https:\/\/leonbijelic.com\/wp-content\/uploads\/2018\/08\/AJ2Q2990-400x600.jpg 400w, https:\/\/leonbijelic.com\/wp-content\/uploads\/2018\/08\/AJ2Q2990-600x900.jpg 600w, https:\/\/leonbijelic.com\/wp-content\/uploads\/2018\/08\/AJ2Q2990-800x1200.jpg 800w, https:\/\/leonbijelic.com\/wp-content\/uploads\/2018\/08\/AJ2Q2990.jpg 1000w\" sizes=\"(min-width: 2200px) 100vw, (min-width: 824px) 363px, (min-width: 732px) 545px, (min-width: 640px) 732px, \" \/><\/a><\/div><\/div><div style=\"padding:5px;\" class=\"fusion-grid-column fusion-gallery-column fusion-gallery-column-3 hover-type-none\"><div class=\"fusion-gallery-image\"><a href=\"https:\/\/leonbijelic.com\/wp-content\/uploads\/2018\/08\/AJ2Q2994.jpg\" rel=\"noreferrer\" data-rel=\"iLightbox[gallery_image_1]\" class=\"fusion-lightbox\"><img decoding=\"async\" src=\"https:\/\/leonbijelic.com\/wp-content\/uploads\/2018\/08\/AJ2Q2994.jpg\" width=\"1500\" height=\"1000\" alt=\"SPAIN: MALLORCA ISLAND \/ PALMA \/ PORTO CRISTO \/ CAVES DEL DRACH \/ PHOTOS \/ PHOTOGRAPHS \/ WALLPAPER \/ LEON BIJELIC \/ PHOTOGRAPHY \/ PHOTOGRAPHER \/ VOCATION \/ HOTEL\" title=\"AJ2Q2994\" aria-label=\"AJ2Q2994\" class=\"img-responsive wp-image-19025\" srcset=\"https:\/\/leonbijelic.com\/wp-content\/uploads\/2018\/08\/AJ2Q2994-200x133.jpg 200w, https:\/\/leonbijelic.com\/wp-content\/uploads\/2018\/08\/AJ2Q2994-400x267.jpg 400w, https:\/\/leonbijelic.com\/wp-content\/uploads\/2018\/08\/AJ2Q2994-600x400.jpg 600w, https:\/\/leonbijelic.com\/wp-content\/uploads\/2018\/08\/AJ2Q2994-800x533.jpg 800w, https:\/\/leonbijelic.com\/wp-content\/uploads\/2018\/08\/AJ2Q2994-1200x800.jpg 1200w, https:\/\/leonbijelic.com\/wp-content\/uploads\/2018\/08\/AJ2Q2994.jpg 1500w\" sizes=\"(min-width: 2200px) 100vw, (min-width: 824px) 363px, (min-width: 732px) 545px, (min-width: 640px) 732px, \" \/><\/a><\/div><\/div><div class=\"clearfix\"><\/div><div style=\"padding:5px;\" class=\"fusion-grid-column fusion-gallery-column fusion-gallery-column-3 hover-type-none\"><div class=\"fusion-gallery-image\"><a href=\"https:\/\/leonbijelic.com\/wp-content\/uploads\/2018\/08\/AJ2Q3021-2.jpg\" rel=\"noreferrer\" data-rel=\"iLightbox[gallery_image_1]\" class=\"fusion-lightbox\"><img loading=\"lazy\" loading=\"lazy\" decoding=\"async\" src=\"https:\/\/leonbijelic.com\/wp-content\/uploads\/2018\/08\/AJ2Q3021-2.jpg\" width=\"1500\" height=\"1000\" alt=\"SPAIN: MALLORCA ISLAND \/ PALMA \/ PORTO CRISTO \/ CAVES DEL DRACH \/ PHOTOS \/ PHOTOGRAPHS \/ WALLPAPER \/ LEON BIJELIC \/ PHOTOGRAPHY \/ PHOTOGRAPHER \/ VOCATION \/ HOTEL\" title=\"AJ2Q3021-2\" aria-label=\"AJ2Q3021-2\" class=\"img-responsive wp-image-19026\" srcset=\"https:\/\/leonbijelic.com\/wp-content\/uploads\/2018\/08\/AJ2Q3021-2-200x133.jpg 200w, https:\/\/leonbijelic.com\/wp-content\/uploads\/2018\/08\/AJ2Q3021-2-400x267.jpg 400w, https:\/\/leonbijelic.com\/wp-content\/uploads\/2018\/08\/AJ2Q3021-2-600x400.jpg 600w, https:\/\/leonbijelic.com\/wp-content\/uploads\/2018\/08\/AJ2Q3021-2-800x533.jpg 800w, https:\/\/leonbijelic.com\/wp-content\/uploads\/2018\/08\/AJ2Q3021-2-1200x800.jpg 1200w, https:\/\/leonbijelic.com\/wp-content\/uploads\/2018\/08\/AJ2Q3021-2.jpg 1500w\" sizes=\"auto, (min-width: 2200px) 100vw, (min-width: 824px) 363px, (min-width: 732px) 545px, (min-width: 640px) 732px, \" \/><\/a><\/div><\/div><div style=\"padding:5px;\" class=\"fusion-grid-column fusion-gallery-column fusion-gallery-column-3 hover-type-none\"><div class=\"fusion-gallery-image\"><a href=\"https:\/\/leonbijelic.com\/wp-content\/uploads\/2018\/08\/AJ2Q3040.jpg\" rel=\"noreferrer\" data-rel=\"iLightbox[gallery_image_1]\" class=\"fusion-lightbox\"><img loading=\"lazy\" loading=\"lazy\" decoding=\"async\" src=\"https:\/\/leonbijelic.com\/wp-content\/uploads\/2018\/08\/AJ2Q3040.jpg\" width=\"1500\" height=\"1000\" alt=\"SPAIN: MALLORCA ISLAND \/ PALMA \/ PORTO CRISTO \/ CAVES DEL DRACH \/ PHOTOS \/ PHOTOGRAPHS \/ WALLPAPER \/ LEON BIJELIC \/ PHOTOGRAPHY \/ PHOTOGRAPHER \/ VOCATION \/ HOTEL\" title=\"AJ2Q3040\" aria-label=\"AJ2Q3040\" class=\"img-responsive wp-image-19027\" srcset=\"https:\/\/leonbijelic.com\/wp-content\/uploads\/2018\/08\/AJ2Q3040-200x133.jpg 200w, https:\/\/leonbijelic.com\/wp-content\/uploads\/2018\/08\/AJ2Q3040-400x267.jpg 400w, https:\/\/leonbijelic.com\/wp-content\/uploads\/2018\/08\/AJ2Q3040-600x400.jpg 600w, https:\/\/leonbijelic.com\/wp-content\/uploads\/2018\/08\/AJ2Q3040-800x533.jpg 800w, https:\/\/leonbijelic.com\/wp-content\/uploads\/2018\/08\/AJ2Q3040-1200x800.jpg 1200w, https:\/\/leonbijelic.com\/wp-content\/uploads\/2018\/08\/AJ2Q3040.jpg 1500w\" sizes=\"auto, (min-width: 2200px) 100vw, (min-width: 824px) 363px, (min-width: 732px) 545px, (min-width: 640px) 732px, \" \/><\/a><\/div><\/div><div style=\"padding:5px;\" class=\"fusion-grid-column fusion-gallery-column fusion-gallery-column-3 hover-type-none\"><div class=\"fusion-gallery-image\"><a href=\"https:\/\/leonbijelic.com\/wp-content\/uploads\/2018\/08\/AJ2Q3042.jpg\" rel=\"noreferrer\" data-rel=\"iLightbox[gallery_image_1]\" class=\"fusion-lightbox\"><img loading=\"lazy\" loading=\"lazy\" decoding=\"async\" src=\"https:\/\/leonbijelic.com\/wp-content\/uploads\/2018\/08\/AJ2Q3042.jpg\" width=\"3000\" height=\"716\" alt=\"SPAIN: MALLORCA ISLAND \/ PALMA \/ PORTO CRISTO \/ CAVES DEL DRACH \/ PHOTOS \/ PHOTOGRAPHS \/ WALLPAPER \/ LEON BIJELIC \/ PHOTOGRAPHY \/ PHOTOGRAPHER \/ VOCATION \/ HOTEL\" title=\"AJ2Q3042\" aria-label=\"AJ2Q3042\" class=\"img-responsive wp-image-19028\" srcset=\"https:\/\/leonbijelic.com\/wp-content\/uploads\/2018\/08\/AJ2Q3042-200x48.jpg 200w, https:\/\/leonbijelic.com\/wp-content\/uploads\/2018\/08\/AJ2Q3042-400x95.jpg 400w, https:\/\/leonbijelic.com\/wp-content\/uploads\/2018\/08\/AJ2Q3042-600x143.jpg 600w, https:\/\/leonbijelic.com\/wp-content\/uploads\/2018\/08\/AJ2Q3042-800x191.jpg 800w, https:\/\/leonbijelic.com\/wp-content\/uploads\/2018\/08\/AJ2Q3042-1200x286.jpg 1200w, https:\/\/leonbijelic.com\/wp-content\/uploads\/2018\/08\/AJ2Q3042.jpg 3000w\" sizes=\"auto, (min-width: 2200px) 100vw, (min-width: 824px) 363px, (min-width: 732px) 545px, (min-width: 640px) 732px, \" \/><\/a><\/div><\/div><div class=\"clearfix\"><\/div><div style=\"padding:5px;\" class=\"fusion-grid-column fusion-gallery-column fusion-gallery-column-3 hover-type-none\"><div class=\"fusion-gallery-image\"><a href=\"https:\/\/leonbijelic.com\/wp-content\/uploads\/2018\/08\/AJ2Q3064.jpg\" rel=\"noreferrer\" data-rel=\"iLightbox[gallery_image_1]\" class=\"fusion-lightbox\"><img loading=\"lazy\" loading=\"lazy\" decoding=\"async\" src=\"https:\/\/leonbijelic.com\/wp-content\/uploads\/2018\/08\/AJ2Q3064.jpg\" width=\"1500\" height=\"1000\" alt=\"SPAIN: MALLORCA ISLAND \/ PALMA \/ PORTO CRISTO \/ CAVES DEL DRACH \/ PHOTOS \/ PHOTOGRAPHS \/ WALLPAPER \/ LEON BIJELIC \/ PHOTOGRAPHY \/ PHOTOGRAPHER \/ VOCATION \/ HOTEL\" title=\"AJ2Q3064\" aria-label=\"AJ2Q3064\" class=\"img-responsive wp-image-19029\" srcset=\"https:\/\/leonbijelic.com\/wp-content\/uploads\/2018\/08\/AJ2Q3064-200x133.jpg 200w, https:\/\/leonbijelic.com\/wp-content\/uploads\/2018\/08\/AJ2Q3064-400x267.jpg 400w, https:\/\/leonbijelic.com\/wp-content\/uploads\/2018\/08\/AJ2Q3064-600x400.jpg 600w, https:\/\/leonbijelic.com\/wp-content\/uploads\/2018\/08\/AJ2Q3064-800x533.jpg 800w, https:\/\/leonbijelic.com\/wp-content\/uploads\/2018\/08\/AJ2Q3064-1200x800.jpg 1200w, https:\/\/leonbijelic.com\/wp-content\/uploads\/2018\/08\/AJ2Q3064.jpg 1500w\" sizes=\"auto, (min-width: 2200px) 100vw, (min-width: 824px) 363px, (min-width: 732px) 545px, (min-width: 640px) 732px, \" \/><\/a><\/div><\/div><div style=\"padding:5px;\" class=\"fusion-grid-column fusion-gallery-column fusion-gallery-column-3 hover-type-none\"><div class=\"fusion-gallery-image\"><a href=\"https:\/\/leonbijelic.com\/wp-content\/uploads\/2018\/08\/AJ2Q3086.jpg\" rel=\"noreferrer\" data-rel=\"iLightbox[gallery_image_1]\" class=\"fusion-lightbox\"><img loading=\"lazy\" loading=\"lazy\" decoding=\"async\" src=\"https:\/\/leonbijelic.com\/wp-content\/uploads\/2018\/08\/AJ2Q3086.jpg\" width=\"1500\" height=\"1000\" alt=\"SPAIN: MALLORCA ISLAND \/ PALMA \/ PORTO CRISTO \/ CAVES DEL DRACH \/ PHOTOS \/ PHOTOGRAPHS \/ WALLPAPER \/ LEON BIJELIC \/ PHOTOGRAPHY \/ PHOTOGRAPHER \/ VOCATION \/ HOTEL\" title=\"AJ2Q3086\" aria-label=\"AJ2Q3086\" class=\"img-responsive wp-image-19030\" srcset=\"https:\/\/leonbijelic.com\/wp-content\/uploads\/2018\/08\/AJ2Q3086-200x133.jpg 200w, https:\/\/leonbijelic.com\/wp-content\/uploads\/2018\/08\/AJ2Q3086-400x267.jpg 400w, https:\/\/leonbijelic.com\/wp-content\/uploads\/2018\/08\/AJ2Q3086-600x400.jpg 600w, https:\/\/leonbijelic.com\/wp-content\/uploads\/2018\/08\/AJ2Q3086-800x533.jpg 800w, https:\/\/leonbijelic.com\/wp-content\/uploads\/2018\/08\/AJ2Q3086-1200x800.jpg 1200w, https:\/\/leonbijelic.com\/wp-content\/uploads\/2018\/08\/AJ2Q3086.jpg 1500w\" sizes=\"auto, (min-width: 2200px) 100vw, (min-width: 824px) 363px, (min-width: 732px) 545px, (min-width: 640px) 732px, \" \/><\/a><\/div><\/div><div style=\"padding:5px;\" class=\"fusion-grid-column fusion-gallery-column fusion-gallery-column-3 hover-type-none\"><div class=\"fusion-gallery-image\"><a href=\"https:\/\/leonbijelic.com\/wp-content\/uploads\/2018\/08\/AJ2Q3100.jpg\" rel=\"noreferrer\" data-rel=\"iLightbox[gallery_image_1]\" class=\"fusion-lightbox\"><img loading=\"lazy\" loading=\"lazy\" decoding=\"async\" src=\"https:\/\/leonbijelic.com\/wp-content\/uploads\/2018\/08\/AJ2Q3100.jpg\" width=\"3000\" height=\"1310\" alt=\"SPAIN: MALLORCA ISLAND \/ PALMA \/ PORTO CRISTO \/ CAVES DEL DRACH \/ PHOTOS \/ PHOTOGRAPHS \/ WALLPAPER \/ LEON BIJELIC \/ PHOTOGRAPHY \/ PHOTOGRAPHER \/ VOCATION \/ HOTEL\" title=\"AJ2Q3100\" aria-label=\"AJ2Q3100\" class=\"img-responsive wp-image-19031\" srcset=\"https:\/\/leonbijelic.com\/wp-content\/uploads\/2018\/08\/AJ2Q3100-200x87.jpg 200w, https:\/\/leonbijelic.com\/wp-content\/uploads\/2018\/08\/AJ2Q3100-400x175.jpg 400w, https:\/\/leonbijelic.com\/wp-content\/uploads\/2018\/08\/AJ2Q3100-600x262.jpg 600w, https:\/\/leonbijelic.com\/wp-content\/uploads\/2018\/08\/AJ2Q3100-800x349.jpg 800w, https:\/\/leonbijelic.com\/wp-content\/uploads\/2018\/08\/AJ2Q3100-1200x524.jpg 1200w, https:\/\/leonbijelic.com\/wp-content\/uploads\/2018\/08\/AJ2Q3100.jpg 3000w\" sizes=\"auto, (min-width: 2200px) 100vw, (min-width: 824px) 363px, (min-width: 732px) 545px, (min-width: 640px) 732px, \" \/><\/a><\/div><\/div><div class=\"clearfix\"><\/div><div style=\"padding:5px;\" class=\"fusion-grid-column fusion-gallery-column fusion-gallery-column-3 hover-type-none\"><div class=\"fusion-gallery-image\"><a href=\"https:\/\/leonbijelic.com\/wp-content\/uploads\/2018\/08\/AJ2Q3140.jpg\" rel=\"noreferrer\" data-rel=\"iLightbox[gallery_image_1]\" class=\"fusion-lightbox\"><img loading=\"lazy\" loading=\"lazy\" decoding=\"async\" src=\"https:\/\/leonbijelic.com\/wp-content\/uploads\/2018\/08\/AJ2Q3140.jpg\" width=\"1000\" height=\"1500\" alt=\"SPAIN: MALLORCA ISLAND \/ PALMA \/ PORTO CRISTO \/ CAVES DEL DRACH \/ PHOTOS \/ PHOTOGRAPHS \/ WALLPAPER \/ LEON BIJELIC \/ PHOTOGRAPHY \/ PHOTOGRAPHER \/ VOCATION \/ HOTEL\" title=\"AJ2Q3140\" aria-label=\"AJ2Q3140\" class=\"img-responsive wp-image-19032\" srcset=\"https:\/\/leonbijelic.com\/wp-content\/uploads\/2018\/08\/AJ2Q3140-200x300.jpg 200w, https:\/\/leonbijelic.com\/wp-content\/uploads\/2018\/08\/AJ2Q3140-400x600.jpg 400w, https:\/\/leonbijelic.com\/wp-content\/uploads\/2018\/08\/AJ2Q3140-600x900.jpg 600w, https:\/\/leonbijelic.com\/wp-content\/uploads\/2018\/08\/AJ2Q3140-800x1200.jpg 800w, https:\/\/leonbijelic.com\/wp-content\/uploads\/2018\/08\/AJ2Q3140.jpg 1000w\" sizes=\"auto, (min-width: 2200px) 100vw, (min-width: 824px) 363px, (min-width: 732px) 545px, (min-width: 640px) 732px, \" \/><\/a><\/div><\/div><div style=\"padding:5px;\" class=\"fusion-grid-column fusion-gallery-column fusion-gallery-column-3 hover-type-none\"><div class=\"fusion-gallery-image\"><a href=\"https:\/\/leonbijelic.com\/wp-content\/uploads\/2018\/08\/AJ2Q3153.jpg\" rel=\"noreferrer\" data-rel=\"iLightbox[gallery_image_1]\" class=\"fusion-lightbox\"><img loading=\"lazy\" loading=\"lazy\" decoding=\"async\" src=\"https:\/\/leonbijelic.com\/wp-content\/uploads\/2018\/08\/AJ2Q3153.jpg\" width=\"1500\" height=\"1000\" alt=\"SPAIN: MALLORCA ISLAND \/ PALMA \/ PORTO CRISTO \/ CAVES DEL DRACH \/ PHOTOS \/ PHOTOGRAPHS \/ WALLPAPER \/ LEON BIJELIC \/ PHOTOGRAPHY \/ PHOTOGRAPHER \/ VOCATION \/ HOTEL\" title=\"AJ2Q3153\" aria-label=\"AJ2Q3153\" class=\"img-responsive wp-image-19033\" srcset=\"https:\/\/leonbijelic.com\/wp-content\/uploads\/2018\/08\/AJ2Q3153-200x133.jpg 200w, https:\/\/leonbijelic.com\/wp-content\/uploads\/2018\/08\/AJ2Q3153-400x267.jpg 400w, https:\/\/leonbijelic.com\/wp-content\/uploads\/2018\/08\/AJ2Q3153-600x400.jpg 600w, https:\/\/leonbijelic.com\/wp-content\/uploads\/2018\/08\/AJ2Q3153-800x533.jpg 800w, https:\/\/leonbijelic.com\/wp-content\/uploads\/2018\/08\/AJ2Q3153-1200x800.jpg 1200w, https:\/\/leonbijelic.com\/wp-content\/uploads\/2018\/08\/AJ2Q3153.jpg 1500w\" sizes=\"auto, (min-width: 2200px) 100vw, (min-width: 824px) 363px, (min-width: 732px) 545px, (min-width: 640px) 732px, \" \/><\/a><\/div><\/div><div style=\"padding:5px;\" class=\"fusion-grid-column fusion-gallery-column fusion-gallery-column-3 hover-type-none\"><div class=\"fusion-gallery-image\"><a href=\"https:\/\/leonbijelic.com\/wp-content\/uploads\/2018\/08\/AJ2Q3161.jpg\" rel=\"noreferrer\" data-rel=\"iLightbox[gallery_image_1]\" class=\"fusion-lightbox\"><img loading=\"lazy\" loading=\"lazy\" decoding=\"async\" src=\"https:\/\/leonbijelic.com\/wp-content\/uploads\/2018\/08\/AJ2Q3161.jpg\" width=\"1500\" height=\"1000\" alt=\"SPAIN: MALLORCA ISLAND \/ PALMA \/ PORTO CRISTO \/ CAVES DEL DRACH \/ PHOTOS \/ PHOTOGRAPHS \/ WALLPAPER \/ LEON BIJELIC \/ PHOTOGRAPHY \/ PHOTOGRAPHER \/ VOCATION \/ HOTEL\" title=\"AJ2Q3161\" aria-label=\"AJ2Q3161\" class=\"img-responsive wp-image-19034\" srcset=\"https:\/\/leonbijelic.com\/wp-content\/uploads\/2018\/08\/AJ2Q3161-200x133.jpg 200w, https:\/\/leonbijelic.com\/wp-content\/uploads\/2018\/08\/AJ2Q3161-400x267.jpg 400w, https:\/\/leonbijelic.com\/wp-content\/uploads\/2018\/08\/AJ2Q3161-600x400.jpg 600w, https:\/\/leonbijelic.com\/wp-content\/uploads\/2018\/08\/AJ2Q3161-800x533.jpg 800w, https:\/\/leonbijelic.com\/wp-content\/uploads\/2018\/08\/AJ2Q3161-1200x800.jpg 1200w, https:\/\/leonbijelic.com\/wp-content\/uploads\/2018\/08\/AJ2Q3161.jpg 1500w\" sizes=\"auto, (min-width: 2200px) 100vw, (min-width: 824px) 363px, (min-width: 732px) 545px, (min-width: 640px) 732px, \" \/><\/a><\/div><\/div><div class=\"clearfix\"><\/div><div style=\"padding:5px;\" class=\"fusion-grid-column fusion-gallery-column fusion-gallery-column-3 hover-type-none\"><div class=\"fusion-gallery-image\"><a href=\"https:\/\/leonbijelic.com\/wp-content\/uploads\/2018\/08\/AJ2Q3174.jpg\" rel=\"noreferrer\" data-rel=\"iLightbox[gallery_image_1]\" class=\"fusion-lightbox\"><img loading=\"lazy\" loading=\"lazy\" decoding=\"async\" src=\"https:\/\/leonbijelic.com\/wp-content\/uploads\/2018\/08\/AJ2Q3174.jpg\" width=\"1500\" height=\"1000\" alt=\"SPAIN: MALLORCA ISLAND \/ PALMA \/ PORTO CRISTO \/ CAVES DEL DRACH \/ PHOTOS \/ PHOTOGRAPHS \/ WALLPAPER \/ LEON BIJELIC \/ PHOTOGRAPHY \/ PHOTOGRAPHER \/ VOCATION \/ HOTEL\" title=\"AJ2Q3174\" aria-label=\"AJ2Q3174\" class=\"img-responsive wp-image-19035\" srcset=\"https:\/\/leonbijelic.com\/wp-content\/uploads\/2018\/08\/AJ2Q3174-200x133.jpg 200w, https:\/\/leonbijelic.com\/wp-content\/uploads\/2018\/08\/AJ2Q3174-400x267.jpg 400w, https:\/\/leonbijelic.com\/wp-content\/uploads\/2018\/08\/AJ2Q3174-600x400.jpg 600w, https:\/\/leonbijelic.com\/wp-content\/uploads\/2018\/08\/AJ2Q3174-800x533.jpg 800w, https:\/\/leonbijelic.com\/wp-content\/uploads\/2018\/08\/AJ2Q3174-1200x800.jpg 1200w, https:\/\/leonbijelic.com\/wp-content\/uploads\/2018\/08\/AJ2Q3174.jpg 1500w\" sizes=\"auto, (min-width: 2200px) 100vw, (min-width: 824px) 363px, (min-width: 732px) 545px, (min-width: 640px) 732px, \" \/><\/a><\/div><\/div><div style=\"padding:5px;\" class=\"fusion-grid-column fusion-gallery-column fusion-gallery-column-3 hover-type-none\"><div class=\"fusion-gallery-image\"><a href=\"https:\/\/leonbijelic.com\/wp-content\/uploads\/2018\/08\/AJ2Q3182.jpg\" rel=\"noreferrer\" data-rel=\"iLightbox[gallery_image_1]\" class=\"fusion-lightbox\"><img loading=\"lazy\" loading=\"lazy\" decoding=\"async\" src=\"https:\/\/leonbijelic.com\/wp-content\/uploads\/2018\/08\/AJ2Q3182.jpg\" width=\"1500\" height=\"1000\" alt=\"SPAIN: MALLORCA ISLAND \/ PALMA \/ PORTO CRISTO \/ CAVES DEL DRACH \/ PHOTOS \/ PHOTOGRAPHS \/ WALLPAPER \/ LEON BIJELIC \/ PHOTOGRAPHY \/ PHOTOGRAPHER \/ VOCATION \/ HOTEL\" title=\"AJ2Q3182\" aria-label=\"AJ2Q3182\" class=\"img-responsive wp-image-19036\" srcset=\"https:\/\/leonbijelic.com\/wp-content\/uploads\/2018\/08\/AJ2Q3182-200x133.jpg 200w, https:\/\/leonbijelic.com\/wp-content\/uploads\/2018\/08\/AJ2Q3182-400x267.jpg 400w, https:\/\/leonbijelic.com\/wp-content\/uploads\/2018\/08\/AJ2Q3182-600x400.jpg 600w, https:\/\/leonbijelic.com\/wp-content\/uploads\/2018\/08\/AJ2Q3182-800x533.jpg 800w, https:\/\/leonbijelic.com\/wp-content\/uploads\/2018\/08\/AJ2Q3182-1200x800.jpg 1200w, https:\/\/leonbijelic.com\/wp-content\/uploads\/2018\/08\/AJ2Q3182.jpg 1500w\" sizes=\"auto, (min-width: 2200px) 100vw, (min-width: 824px) 363px, (min-width: 732px) 545px, (min-width: 640px) 732px, \" \/><\/a><\/div><\/div><div style=\"padding:5px;\" class=\"fusion-grid-column fusion-gallery-column fusion-gallery-column-3 hover-type-none\"><div class=\"fusion-gallery-image\"><a href=\"https:\/\/leonbijelic.com\/wp-content\/uploads\/2018\/08\/AJ2Q3185.jpg\" rel=\"noreferrer\" data-rel=\"iLightbox[gallery_image_1]\" class=\"fusion-lightbox\"><img loading=\"lazy\" loading=\"lazy\" decoding=\"async\" src=\"https:\/\/leonbijelic.com\/wp-content\/uploads\/2018\/08\/AJ2Q3185.jpg\" width=\"3000\" height=\"1344\" alt=\"SPAIN: MALLORCA ISLAND \/ PALMA \/ PORTO CRISTO \/ CAVES DEL DRACH \/ PHOTOS \/ PHOTOGRAPHS \/ WALLPAPER \/ LEON BIJELIC \/ PHOTOGRAPHY \/ PHOTOGRAPHER \/ VOCATION \/ HOTEL\" title=\"AJ2Q3185\" aria-label=\"AJ2Q3185\" class=\"img-responsive wp-image-19037\" srcset=\"https:\/\/leonbijelic.com\/wp-content\/uploads\/2018\/08\/AJ2Q3185-200x90.jpg 200w, https:\/\/leonbijelic.com\/wp-content\/uploads\/2018\/08\/AJ2Q3185-400x179.jpg 400w, https:\/\/leonbijelic.com\/wp-content\/uploads\/2018\/08\/AJ2Q3185-600x269.jpg 600w, https:\/\/leonbijelic.com\/wp-content\/uploads\/2018\/08\/AJ2Q3185-800x358.jpg 800w, https:\/\/leonbijelic.com\/wp-content\/uploads\/2018\/08\/AJ2Q3185-1200x538.jpg 1200w, https:\/\/leonbijelic.com\/wp-content\/uploads\/2018\/08\/AJ2Q3185.jpg 3000w\" sizes=\"auto, (min-width: 2200px) 100vw, (min-width: 824px) 363px, (min-width: 732px) 545px, (min-width: 640px) 732px, \" \/><\/a><\/div><\/div><div class=\"clearfix\"><\/div><div style=\"padding:5px;\" class=\"fusion-grid-column fusion-gallery-column fusion-gallery-column-3 hover-type-none\"><div class=\"fusion-gallery-image\"><a href=\"https:\/\/leonbijelic.com\/wp-content\/uploads\/2018\/08\/AJ2Q3191.jpg\" rel=\"noreferrer\" data-rel=\"iLightbox[gallery_image_1]\" class=\"fusion-lightbox\"><img loading=\"lazy\" loading=\"lazy\" decoding=\"async\" src=\"https:\/\/leonbijelic.com\/wp-content\/uploads\/2018\/08\/AJ2Q3191.jpg\" width=\"1500\" height=\"1000\" alt=\"SPAIN: MALLORCA ISLAND \/ PALMA \/ PORTO CRISTO \/ CAVES DEL DRACH \/ PHOTOS \/ PHOTOGRAPHS \/ WALLPAPER \/ LEON BIJELIC \/ PHOTOGRAPHY \/ PHOTOGRAPHER \/ VOCATION \/ HOTEL\" title=\"AJ2Q3191\" aria-label=\"AJ2Q3191\" class=\"img-responsive wp-image-19038\" srcset=\"https:\/\/leonbijelic.com\/wp-content\/uploads\/2018\/08\/AJ2Q3191-200x133.jpg 200w, https:\/\/leonbijelic.com\/wp-content\/uploads\/2018\/08\/AJ2Q3191-400x267.jpg 400w, https:\/\/leonbijelic.com\/wp-content\/uploads\/2018\/08\/AJ2Q3191-600x400.jpg 600w, https:\/\/leonbijelic.com\/wp-content\/uploads\/2018\/08\/AJ2Q3191-800x533.jpg 800w, https:\/\/leonbijelic.com\/wp-content\/uploads\/2018\/08\/AJ2Q3191-1200x800.jpg 1200w, https:\/\/leonbijelic.com\/wp-content\/uploads\/2018\/08\/AJ2Q3191.jpg 1500w\" sizes=\"auto, (min-width: 2200px) 100vw, (min-width: 824px) 363px, (min-width: 732px) 545px, (min-width: 640px) 732px, \" \/><\/a><\/div><\/div><div style=\"padding:5px;\" class=\"fusion-grid-column fusion-gallery-column fusion-gallery-column-3 hover-type-none\"><div class=\"fusion-gallery-image\"><a href=\"https:\/\/leonbijelic.com\/wp-content\/uploads\/2018\/08\/AJ2Q3197.jpg\" rel=\"noreferrer\" data-rel=\"iLightbox[gallery_image_1]\" class=\"fusion-lightbox\"><img loading=\"lazy\" loading=\"lazy\" decoding=\"async\" src=\"https:\/\/leonbijelic.com\/wp-content\/uploads\/2018\/08\/AJ2Q3197.jpg\" width=\"1500\" height=\"1000\" alt=\"SPAIN: MALLORCA ISLAND \/ PALMA \/ PORTO CRISTO \/ CAVES DEL DRACH \/ PHOTOS \/ PHOTOGRAPHS \/ WALLPAPER \/ LEON BIJELIC \/ PHOTOGRAPHY \/ PHOTOGRAPHER \/ VOCATION \/ HOTEL\" title=\"AJ2Q3197\" aria-label=\"AJ2Q3197\" class=\"img-responsive wp-image-19039\" srcset=\"https:\/\/leonbijelic.com\/wp-content\/uploads\/2018\/08\/AJ2Q3197-200x133.jpg 200w, https:\/\/leonbijelic.com\/wp-content\/uploads\/2018\/08\/AJ2Q3197-400x267.jpg 400w, https:\/\/leonbijelic.com\/wp-content\/uploads\/2018\/08\/AJ2Q3197-600x400.jpg 600w, https:\/\/leonbijelic.com\/wp-content\/uploads\/2018\/08\/AJ2Q3197-800x533.jpg 800w, https:\/\/leonbijelic.com\/wp-content\/uploads\/2018\/08\/AJ2Q3197-1200x800.jpg 1200w, https:\/\/leonbijelic.com\/wp-content\/uploads\/2018\/08\/AJ2Q3197.jpg 1500w\" sizes=\"auto, (min-width: 2200px) 100vw, (min-width: 824px) 363px, (min-width: 732px) 545px, (min-width: 640px) 732px, \" \/><\/a><\/div><\/div><div style=\"padding:5px;\" class=\"fusion-grid-column fusion-gallery-column fusion-gallery-column-3 hover-type-none\"><div class=\"fusion-gallery-image\"><a href=\"https:\/\/leonbijelic.com\/wp-content\/uploads\/2018\/08\/AJ2Q3201.jpg\" rel=\"noreferrer\" data-rel=\"iLightbox[gallery_image_1]\" class=\"fusion-lightbox\"><img loading=\"lazy\" loading=\"lazy\" decoding=\"async\" src=\"https:\/\/leonbijelic.com\/wp-content\/uploads\/2018\/08\/AJ2Q3201.jpg\" width=\"3000\" height=\"1258\" alt=\"SPAIN: MALLORCA ISLAND \/ PALMA \/ PORTO CRISTO \/ CAVES DEL DRACH \/ PHOTOS \/ PHOTOGRAPHS \/ WALLPAPER \/ LEON BIJELIC \/ PHOTOGRAPHY \/ PHOTOGRAPHER \/ VOCATION \/ HOTEL\" title=\"AJ2Q3201\" aria-label=\"AJ2Q3201\" class=\"img-responsive wp-image-19040\" srcset=\"https:\/\/leonbijelic.com\/wp-content\/uploads\/2018\/08\/AJ2Q3201-200x84.jpg 200w, https:\/\/leonbijelic.com\/wp-content\/uploads\/2018\/08\/AJ2Q3201-400x168.jpg 400w, https:\/\/leonbijelic.com\/wp-content\/uploads\/2018\/08\/AJ2Q3201-600x252.jpg 600w, https:\/\/leonbijelic.com\/wp-content\/uploads\/2018\/08\/AJ2Q3201-800x335.jpg 800w, https:\/\/leonbijelic.com\/wp-content\/uploads\/2018\/08\/AJ2Q3201-1200x503.jpg 1200w, https:\/\/leonbijelic.com\/wp-content\/uploads\/2018\/08\/AJ2Q3201.jpg 3000w\" sizes=\"auto, (min-width: 2200px) 100vw, (min-width: 824px) 363px, (min-width: 732px) 545px, (min-width: 640px) 732px, \" \/><\/a><\/div><\/div><div class=\"clearfix\"><\/div><div style=\"padding:5px;\" class=\"fusion-grid-column fusion-gallery-column fusion-gallery-column-3 hover-type-none\"><div class=\"fusion-gallery-image\"><a href=\"https:\/\/leonbijelic.com\/wp-content\/uploads\/2018\/08\/AJ2Q3219.jpg\" rel=\"noreferrer\" data-rel=\"iLightbox[gallery_image_1]\" class=\"fusion-lightbox\"><img loading=\"lazy\" loading=\"lazy\" decoding=\"async\" src=\"https:\/\/leonbijelic.com\/wp-content\/uploads\/2018\/08\/AJ2Q3219.jpg\" width=\"1500\" height=\"1000\" alt=\"SPAIN: MALLORCA ISLAND \/ PALMA \/ PORTO CRISTO \/ CAVES DEL DRACH \/ PHOTOS \/ PHOTOGRAPHS \/ WALLPAPER \/ LEON BIJELIC \/ PHOTOGRAPHY \/ PHOTOGRAPHER \/ VOCATION \/ HOTEL\" title=\"AJ2Q3219\" aria-label=\"AJ2Q3219\" class=\"img-responsive wp-image-19041\" srcset=\"https:\/\/leonbijelic.com\/wp-content\/uploads\/2018\/08\/AJ2Q3219-200x133.jpg 200w, https:\/\/leonbijelic.com\/wp-content\/uploads\/2018\/08\/AJ2Q3219-400x267.jpg 400w, https:\/\/leonbijelic.com\/wp-content\/uploads\/2018\/08\/AJ2Q3219-600x400.jpg 600w, https:\/\/leonbijelic.com\/wp-content\/uploads\/2018\/08\/AJ2Q3219-800x533.jpg 800w, https:\/\/leonbijelic.com\/wp-content\/uploads\/2018\/08\/AJ2Q3219-1200x800.jpg 1200w, https:\/\/leonbijelic.com\/wp-content\/uploads\/2018\/08\/AJ2Q3219.jpg 1500w\" sizes=\"auto, (min-width: 2200px) 100vw, (min-width: 824px) 363px, (min-width: 732px) 545px, (min-width: 640px) 732px, \" \/><\/a><\/div><\/div><div style=\"padding:5px;\" class=\"fusion-grid-column fusion-gallery-column fusion-gallery-column-3 hover-type-none\"><div class=\"fusion-gallery-image\"><a href=\"https:\/\/leonbijelic.com\/wp-content\/uploads\/2018\/08\/AJ2Q3378.jpg\" rel=\"noreferrer\" data-rel=\"iLightbox[gallery_image_1]\" class=\"fusion-lightbox\"><img loading=\"lazy\" loading=\"lazy\" decoding=\"async\" src=\"https:\/\/leonbijelic.com\/wp-content\/uploads\/2018\/08\/AJ2Q3378.jpg\" width=\"1500\" height=\"1000\" alt=\"SPAIN: MALLORCA ISLAND \/ PALMA \/ PORTO CRISTO \/ CAVES DEL DRACH \/ PHOTOS \/ PHOTOGRAPHS \/ WALLPAPER \/ LEON BIJELIC \/ PHOTOGRAPHY \/ PHOTOGRAPHER \/ VOCATION \/ HOTEL \/ COAST \/ BIRDS\" title=\"AJ2Q3378\" aria-label=\"AJ2Q3378\" class=\"img-responsive wp-image-19042\" srcset=\"https:\/\/leonbijelic.com\/wp-content\/uploads\/2018\/08\/AJ2Q3378-200x133.jpg 200w, https:\/\/leonbijelic.com\/wp-content\/uploads\/2018\/08\/AJ2Q3378-400x267.jpg 400w, https:\/\/leonbijelic.com\/wp-content\/uploads\/2018\/08\/AJ2Q3378-600x400.jpg 600w, https:\/\/leonbijelic.com\/wp-content\/uploads\/2018\/08\/AJ2Q3378-800x533.jpg 800w, https:\/\/leonbijelic.com\/wp-content\/uploads\/2018\/08\/AJ2Q3378-1200x800.jpg 1200w, https:\/\/leonbijelic.com\/wp-content\/uploads\/2018\/08\/AJ2Q3378.jpg 1500w\" sizes=\"auto, (min-width: 2200px) 100vw, (min-width: 824px) 363px, (min-width: 732px) 545px, (min-width: 640px) 732px, \" \/><\/a><\/div><\/div><div style=\"padding:5px;\" class=\"fusion-grid-column fusion-gallery-column fusion-gallery-column-3 hover-type-none\"><div class=\"fusion-gallery-image\"><a href=\"https:\/\/leonbijelic.com\/wp-content\/uploads\/2018\/08\/AJ2Q3381.jpg\" rel=\"noreferrer\" data-rel=\"iLightbox[gallery_image_1]\" class=\"fusion-lightbox\"><img loading=\"lazy\" loading=\"lazy\" decoding=\"async\" src=\"https:\/\/leonbijelic.com\/wp-content\/uploads\/2018\/08\/AJ2Q3381.jpg\" width=\"3000\" height=\"1494\" alt=\"SPAIN: MALLORCA ISLAND \/ PALMA \/ PORTO CRISTO \/ CAVES DEL DRACH \/ PHOTOS \/ PHOTOGRAPHS \/ WALLPAPER \/ LEON BIJELIC \/ PHOTOGRAPHY \/ PHOTOGRAPHER \/ VOCATION \/ HOTEL \/ COAST\" title=\"AJ2Q3381\" aria-label=\"AJ2Q3381\" class=\"img-responsive wp-image-19043\" srcset=\"https:\/\/leonbijelic.com\/wp-content\/uploads\/2018\/08\/AJ2Q3381-200x100.jpg 200w, https:\/\/leonbijelic.com\/wp-content\/uploads\/2018\/08\/AJ2Q3381-400x199.jpg 400w, https:\/\/leonbijelic.com\/wp-content\/uploads\/2018\/08\/AJ2Q3381-600x299.jpg 600w, https:\/\/leonbijelic.com\/wp-content\/uploads\/2018\/08\/AJ2Q3381-800x398.jpg 800w, https:\/\/leonbijelic.com\/wp-content\/uploads\/2018\/08\/AJ2Q3381-1200x598.jpg 1200w, https:\/\/leonbijelic.com\/wp-content\/uploads\/2018\/08\/AJ2Q3381.jpg 3000w\" sizes=\"auto, (min-width: 2200px) 100vw, (min-width: 824px) 363px, (min-width: 732px) 545px, (min-width: 640px) 732px, \" \/><\/a><\/div><\/div><div class=\"clearfix\"><\/div><div style=\"padding:5px;\" class=\"fusion-grid-column fusion-gallery-column fusion-gallery-column-3 hover-type-none\"><div class=\"fusion-gallery-image\"><a href=\"https:\/\/leonbijelic.com\/wp-content\/uploads\/2018\/08\/AJ2Q3382.jpg\" rel=\"noreferrer\" data-rel=\"iLightbox[gallery_image_1]\" class=\"fusion-lightbox\"><img loading=\"lazy\" loading=\"lazy\" decoding=\"async\" src=\"https:\/\/leonbijelic.com\/wp-content\/uploads\/2018\/08\/AJ2Q3382.jpg\" width=\"1500\" height=\"1000\" alt=\"SPAIN: MALLORCA ISLAND \/ PALMA \/ PORTO CRISTO \/ CAVES DEL DRACH \/ PHOTOS \/ PHOTOGRAPHS \/ WALLPAPER \/ LEON BIJELIC \/ PHOTOGRAPHY \/ PHOTOGRAPHER \/ VOCATION \/ HOTEL \/ COAST\" title=\"AJ2Q3382\" aria-label=\"AJ2Q3382\" class=\"img-responsive wp-image-19044\" srcset=\"https:\/\/leonbijelic.com\/wp-content\/uploads\/2018\/08\/AJ2Q3382-200x133.jpg 200w, https:\/\/leonbijelic.com\/wp-content\/uploads\/2018\/08\/AJ2Q3382-400x267.jpg 400w, https:\/\/leonbijelic.com\/wp-content\/uploads\/2018\/08\/AJ2Q3382-600x400.jpg 600w, https:\/\/leonbijelic.com\/wp-content\/uploads\/2018\/08\/AJ2Q3382-800x533.jpg 800w, https:\/\/leonbijelic.com\/wp-content\/uploads\/2018\/08\/AJ2Q3382-1200x800.jpg 1200w, https:\/\/leonbijelic.com\/wp-content\/uploads\/2018\/08\/AJ2Q3382.jpg 1500w\" sizes=\"auto, (min-width: 2200px) 100vw, (min-width: 824px) 363px, (min-width: 732px) 545px, (min-width: 640px) 732px, \" \/><\/a><\/div><\/div><div style=\"padding:5px;\" class=\"fusion-grid-column fusion-gallery-column fusion-gallery-column-3 hover-type-none\"><div class=\"fusion-gallery-image\"><a href=\"https:\/\/leonbijelic.com\/wp-content\/uploads\/2018\/08\/AJ2Q3384.jpg\" rel=\"noreferrer\" data-rel=\"iLightbox[gallery_image_1]\" class=\"fusion-lightbox\"><img loading=\"lazy\" loading=\"lazy\" decoding=\"async\" src=\"https:\/\/leonbijelic.com\/wp-content\/uploads\/2018\/08\/AJ2Q3384.jpg\" width=\"1500\" height=\"1000\" alt=\"SPAIN: MALLORCA ISLAND \/ PALMA \/ PORTO CRISTO \/ CAVES DEL DRACH \/ PHOTOS \/ PHOTOGRAPHS \/ WALLPAPER \/ LEON BIJELIC \/ PHOTOGRAPHY \/ PHOTOGRAPHER \/ VOCATION \/ HOTEL\" title=\"AJ2Q3384\" aria-label=\"AJ2Q3384\" class=\"img-responsive wp-image-19045\" srcset=\"https:\/\/leonbijelic.com\/wp-content\/uploads\/2018\/08\/AJ2Q3384-200x133.jpg 200w, https:\/\/leonbijelic.com\/wp-content\/uploads\/2018\/08\/AJ2Q3384-400x267.jpg 400w, https:\/\/leonbijelic.com\/wp-content\/uploads\/2018\/08\/AJ2Q3384-600x400.jpg 600w, https:\/\/leonbijelic.com\/wp-content\/uploads\/2018\/08\/AJ2Q3384-800x533.jpg 800w, https:\/\/leonbijelic.com\/wp-content\/uploads\/2018\/08\/AJ2Q3384-1200x800.jpg 1200w, https:\/\/leonbijelic.com\/wp-content\/uploads\/2018\/08\/AJ2Q3384.jpg 1500w\" sizes=\"auto, (min-width: 2200px) 100vw, (min-width: 824px) 363px, (min-width: 732px) 545px, (min-width: 640px) 732px, \" \/><\/a><\/div><\/div><div style=\"padding:5px;\" class=\"fusion-grid-column fusion-gallery-column fusion-gallery-column-3 hover-type-none\"><div class=\"fusion-gallery-image\"><a href=\"https:\/\/leonbijelic.com\/wp-content\/uploads\/2018\/08\/AJ2Q3474.jpg\" rel=\"noreferrer\" data-rel=\"iLightbox[gallery_image_1]\" class=\"fusion-lightbox\"><img loading=\"lazy\" loading=\"lazy\" decoding=\"async\" src=\"https:\/\/leonbijelic.com\/wp-content\/uploads\/2018\/08\/AJ2Q3474.jpg\" width=\"1000\" height=\"1500\" alt=\"SPAIN: MALLORCA ISLAND \/ PALMA \/ PORTO CRISTO \/ CAVES DEL DRACH \/ PHOTOS \/ PHOTOGRAPHS \/ WALLPAPER \/ LEON BIJELIC \/ PHOTOGRAPHY \/ PHOTOGRAPHER \/ VOCATION \/ HOTEL\" title=\"AJ2Q3474\" aria-label=\"AJ2Q3474\" class=\"img-responsive wp-image-19046\" srcset=\"https:\/\/leonbijelic.com\/wp-content\/uploads\/2018\/08\/AJ2Q3474-200x300.jpg 200w, https:\/\/leonbijelic.com\/wp-content\/uploads\/2018\/08\/AJ2Q3474-400x600.jpg 400w, https:\/\/leonbijelic.com\/wp-content\/uploads\/2018\/08\/AJ2Q3474-600x900.jpg 600w, https:\/\/leonbijelic.com\/wp-content\/uploads\/2018\/08\/AJ2Q3474-800x1200.jpg 800w, https:\/\/leonbijelic.com\/wp-content\/uploads\/2018\/08\/AJ2Q3474.jpg 1000w\" sizes=\"auto, (min-width: 2200px) 100vw, (min-width: 824px) 363px, (min-width: 732px) 545px, (min-width: 640px) 732px, \" \/><\/a><\/div><\/div><div class=\"clearfix\"><\/div><div style=\"padding:5px;\" class=\"fusion-grid-column fusion-gallery-column fusion-gallery-column-3 hover-type-none\"><div class=\"fusion-gallery-image\"><a href=\"https:\/\/leonbijelic.com\/wp-content\/uploads\/2018\/08\/AJ2Q3477.jpg\" rel=\"noreferrer\" data-rel=\"iLightbox[gallery_image_1]\" class=\"fusion-lightbox\"><img loading=\"lazy\" loading=\"lazy\" decoding=\"async\" src=\"https:\/\/leonbijelic.com\/wp-content\/uploads\/2018\/08\/AJ2Q3477.jpg\" width=\"1000\" height=\"1500\" alt=\"SPAIN: MALLORCA ISLAND \/ PALMA \/ PORTO CRISTO \/ CAVES DEL DRACH \/ PHOTOS \/ PHOTOGRAPHS \/ WALLPAPER \/ LEON BIJELIC \/ PHOTOGRAPHY \/ PHOTOGRAPHER \/ VOCATION \/ HOTEL\" title=\"AJ2Q3477\" aria-label=\"AJ2Q3477\" class=\"img-responsive wp-image-19047\" srcset=\"https:\/\/leonbijelic.com\/wp-content\/uploads\/2018\/08\/AJ2Q3477-200x300.jpg 200w, https:\/\/leonbijelic.com\/wp-content\/uploads\/2018\/08\/AJ2Q3477-400x600.jpg 400w, https:\/\/leonbijelic.com\/wp-content\/uploads\/2018\/08\/AJ2Q3477-600x900.jpg 600w, https:\/\/leonbijelic.com\/wp-content\/uploads\/2018\/08\/AJ2Q3477-800x1200.jpg 800w, https:\/\/leonbijelic.com\/wp-content\/uploads\/2018\/08\/AJ2Q3477.jpg 1000w\" sizes=\"auto, (min-width: 2200px) 100vw, (min-width: 824px) 363px, (min-width: 732px) 545px, (min-width: 640px) 732px, \" \/><\/a><\/div><\/div><div style=\"padding:5px;\" class=\"fusion-grid-column fusion-gallery-column fusion-gallery-column-3 hover-type-none\"><div class=\"fusion-gallery-image\"><a href=\"https:\/\/leonbijelic.com\/wp-content\/uploads\/2018\/08\/AJ2Q3484.jpg\" rel=\"noreferrer\" data-rel=\"iLightbox[gallery_image_1]\" class=\"fusion-lightbox\"><img loading=\"lazy\" loading=\"lazy\" decoding=\"async\" src=\"https:\/\/leonbijelic.com\/wp-content\/uploads\/2018\/08\/AJ2Q3484.jpg\" width=\"1000\" height=\"1500\" alt=\"SPAIN: MALLORCA ISLAND \/ PALMA \/ PORTO CRISTO \/ CAVES DEL DRACH \/ PHOTOS \/ PHOTOGRAPHS \/ WALLPAPER \/ LEON BIJELIC \/ PHOTOGRAPHY \/ PHOTOGRAPHER \/ VOCATION \/ HOTEL\" title=\"AJ2Q3484\" aria-label=\"AJ2Q3484\" class=\"img-responsive wp-image-19048\" srcset=\"https:\/\/leonbijelic.com\/wp-content\/uploads\/2018\/08\/AJ2Q3484-200x300.jpg 200w, https:\/\/leonbijelic.com\/wp-content\/uploads\/2018\/08\/AJ2Q3484-400x600.jpg 400w, https:\/\/leonbijelic.com\/wp-content\/uploads\/2018\/08\/AJ2Q3484-600x900.jpg 600w, https:\/\/leonbijelic.com\/wp-content\/uploads\/2018\/08\/AJ2Q3484-800x1200.jpg 800w, https:\/\/leonbijelic.com\/wp-content\/uploads\/2018\/08\/AJ2Q3484.jpg 1000w\" sizes=\"auto, (min-width: 2200px) 100vw, (min-width: 824px) 363px, (min-width: 732px) 545px, (min-width: 640px) 732px, \" \/><\/a><\/div><\/div><div style=\"padding:5px;\" class=\"fusion-grid-column fusion-gallery-column fusion-gallery-column-3 hover-type-none\"><div class=\"fusion-gallery-image\"><a href=\"https:\/\/leonbijelic.com\/wp-content\/uploads\/2018\/08\/AJ2Q3493.jpg\" rel=\"noreferrer\" data-rel=\"iLightbox[gallery_image_1]\" class=\"fusion-lightbox\"><img loading=\"lazy\" loading=\"lazy\" decoding=\"async\" src=\"https:\/\/leonbijelic.com\/wp-content\/uploads\/2018\/08\/AJ2Q3493.jpg\" width=\"1500\" height=\"1000\" alt=\"SPAIN: MALLORCA ISLAND \/ PALMA \/ PORTO CRISTO \/ CAVES DEL DRACH \/ PHOTOS \/ PHOTOGRAPHS \/ WALLPAPER \/ LEON BIJELIC \/ PHOTOGRAPHY \/ PHOTOGRAPHER \/ VOCATION \/ HOTEL\" title=\"AJ2Q3493\" aria-label=\"AJ2Q3493\" class=\"img-responsive wp-image-19049\" srcset=\"https:\/\/leonbijelic.com\/wp-content\/uploads\/2018\/08\/AJ2Q3493-200x133.jpg 200w, https:\/\/leonbijelic.com\/wp-content\/uploads\/2018\/08\/AJ2Q3493-400x267.jpg 400w, https:\/\/leonbijelic.com\/wp-content\/uploads\/2018\/08\/AJ2Q3493-600x400.jpg 600w, https:\/\/leonbijelic.com\/wp-content\/uploads\/2018\/08\/AJ2Q3493-800x533.jpg 800w, https:\/\/leonbijelic.com\/wp-content\/uploads\/2018\/08\/AJ2Q3493-1200x800.jpg 1200w, https:\/\/leonbijelic.com\/wp-content\/uploads\/2018\/08\/AJ2Q3493.jpg 1500w\" sizes=\"auto, (min-width: 2200px) 100vw, (min-width: 824px) 363px, (min-width: 732px) 545px, (min-width: 640px) 732px, \" \/><\/a><\/div><\/div><div class=\"clearfix\"><\/div><div style=\"padding:5px;\" class=\"fusion-grid-column fusion-gallery-column fusion-gallery-column-3 hover-type-none\"><div class=\"fusion-gallery-image\"><a href=\"https:\/\/leonbijelic.com\/wp-content\/uploads\/2018\/08\/AJ2Q3555.jpg\" rel=\"noreferrer\" data-rel=\"iLightbox[gallery_image_1]\" class=\"fusion-lightbox\"><img loading=\"lazy\" loading=\"lazy\" decoding=\"async\" src=\"https:\/\/leonbijelic.com\/wp-content\/uploads\/2018\/08\/AJ2Q3555.jpg\" width=\"1500\" height=\"1000\" alt=\"SPAIN: MALLORCA ISLAND \/ PALMA \/ PORTO CRISTO \/ CAVES DEL DRACH \/ PHOTOS \/ PHOTOGRAPHS \/ WALLPAPER \/ LEON BIJELIC \/ PHOTOGRAPHY \/ PHOTOGRAPHER \/ VOCATION \/ HOTEL \/ ROOTS RIDDIMZ \/ STEFAN MIHAJLOVIC \/ SLIKE\" title=\"AJ2Q3555\" aria-label=\"AJ2Q3555\" class=\"img-responsive wp-image-19050\" srcset=\"https:\/\/leonbijelic.com\/wp-content\/uploads\/2018\/08\/AJ2Q3555-200x133.jpg 200w, https:\/\/leonbijelic.com\/wp-content\/uploads\/2018\/08\/AJ2Q3555-400x267.jpg 400w, https:\/\/leonbijelic.com\/wp-content\/uploads\/2018\/08\/AJ2Q3555-600x400.jpg 600w, https:\/\/leonbijelic.com\/wp-content\/uploads\/2018\/08\/AJ2Q3555-800x533.jpg 800w, https:\/\/leonbijelic.com\/wp-content\/uploads\/2018\/08\/AJ2Q3555-1200x800.jpg 1200w, https:\/\/leonbijelic.com\/wp-content\/uploads\/2018\/08\/AJ2Q3555.jpg 1500w\" sizes=\"auto, (min-width: 2200px) 100vw, (min-width: 824px) 363px, (min-width: 732px) 545px, (min-width: 640px) 732px, \" \/><\/a><\/div><\/div><div style=\"padding:5px;\" class=\"fusion-grid-column fusion-gallery-column fusion-gallery-column-3 hover-type-none\"><div class=\"fusion-gallery-image\"><a href=\"https:\/\/leonbijelic.com\/wp-content\/uploads\/2018\/08\/AJ2Q3636.jpg\" rel=\"noreferrer\" data-rel=\"iLightbox[gallery_image_1]\" class=\"fusion-lightbox\"><img loading=\"lazy\" loading=\"lazy\" decoding=\"async\" src=\"https:\/\/leonbijelic.com\/wp-content\/uploads\/2018\/08\/AJ2Q3636.jpg\" width=\"1500\" height=\"1000\" alt=\"SPAIN: MALLORCA ISLAND \/ PALMA \/ PORTO CRISTO \/ CAVES DEL DRACH \/ PHOTOS \/ PHOTOGRAPHS \/ WALLPAPER \/ LEON BIJELIC \/ PHOTOGRAPHY \/ PHOTOGRAPHER \/ VOCATION \/ HOTEL\" title=\"AJ2Q3636\" aria-label=\"AJ2Q3636\" class=\"img-responsive wp-image-19051\" srcset=\"https:\/\/leonbijelic.com\/wp-content\/uploads\/2018\/08\/AJ2Q3636-200x133.jpg 200w, https:\/\/leonbijelic.com\/wp-content\/uploads\/2018\/08\/AJ2Q3636-400x267.jpg 400w, https:\/\/leonbijelic.com\/wp-content\/uploads\/2018\/08\/AJ2Q3636-600x400.jpg 600w, https:\/\/leonbijelic.com\/wp-content\/uploads\/2018\/08\/AJ2Q3636-800x533.jpg 800w, https:\/\/leonbijelic.com\/wp-content\/uploads\/2018\/08\/AJ2Q3636-1200x800.jpg 1200w, https:\/\/leonbijelic.com\/wp-content\/uploads\/2018\/08\/AJ2Q3636.jpg 1500w\" sizes=\"auto, (min-width: 2200px) 100vw, (min-width: 824px) 363px, (min-width: 732px) 545px, (min-width: 640px) 732px, \" \/><\/a><\/div><\/div><div style=\"padding:5px;\" class=\"fusion-grid-column fusion-gallery-column fusion-gallery-column-3 hover-type-none\"><div class=\"fusion-gallery-image\"><a href=\"https:\/\/leonbijelic.com\/wp-content\/uploads\/2018\/08\/Untitled_Panorama2.jpg\" rel=\"noreferrer\" data-rel=\"iLightbox[gallery_image_1]\" class=\"fusion-lightbox\"><img loading=\"lazy\" loading=\"lazy\" decoding=\"async\" src=\"https:\/\/leonbijelic.com\/wp-content\/uploads\/2018\/08\/Untitled_Panorama2.jpg\" width=\"1500\" height=\"950\" alt=\"SPAIN: MALLORCA ISLAND \/ PALMA \/ PORTO CRISTO \/ CAVES DEL DRACH \/ PHOTOS \/ PHOTOGRAPHS \/ WALLPAPER \/ LEON BIJELIC \/ PHOTOGRAPHY \/ PHOTOGRAPHER \/ VOCATION \/ COAST \/ TRAVEL \/ NIGHT SKY\" title=\"Untitled_Panorama2\" aria-label=\"Untitled_Panorama2\" class=\"img-responsive wp-image-19093\" srcset=\"https:\/\/leonbijelic.com\/wp-content\/uploads\/2018\/08\/Untitled_Panorama2-200x127.jpg 200w, https:\/\/leonbijelic.com\/wp-content\/uploads\/2018\/08\/Untitled_Panorama2-400x253.jpg 400w, https:\/\/leonbijelic.com\/wp-content\/uploads\/2018\/08\/Untitled_Panorama2-600x380.jpg 600w, https:\/\/leonbijelic.com\/wp-content\/uploads\/2018\/08\/Untitled_Panorama2-800x507.jpg 800w, https:\/\/leonbijelic.com\/wp-content\/uploads\/2018\/08\/Untitled_Panorama2-1200x760.jpg 1200w, https:\/\/leonbijelic.com\/wp-content\/uploads\/2018\/08\/Untitled_Panorama2.jpg 1500w\" sizes=\"auto, (min-width: 2200px) 100vw, (min-width: 824px) 363px, (min-width: 732px) 545px, (min-width: 640px) 732px, \" \/><\/a><\/div><\/div><div class=\"clearfix\"><\/div><div style=\"padding:5px;\" class=\"fusion-grid-column fusion-gallery-column fusion-gallery-column-3 hover-type-none\"><div class=\"fusion-gallery-image\"><a href=\"https:\/\/leonbijelic.com\/wp-content\/uploads\/2018\/08\/AJ2Q3644.jpg\" rel=\"noreferrer\" data-rel=\"iLightbox[gallery_image_1]\" class=\"fusion-lightbox\"><img loading=\"lazy\" loading=\"lazy\" decoding=\"async\" src=\"https:\/\/leonbijelic.com\/wp-content\/uploads\/2018\/08\/AJ2Q3644.jpg\" width=\"3000\" height=\"967\" alt=\"SPAIN: MALLORCA ISLAND \/ PALMA \/ PORTO CRISTO \/ CAVES DEL DRACH \/ PHOTOS \/ PHOTOGRAPHS \/ WALLPAPER \/ LEON BIJELIC \/ PHOTOGRAPHY \/ PHOTOGRAPHER \/ VOCATION \/ HOTEL\" title=\"AJ2Q3644\" aria-label=\"AJ2Q3644\" class=\"img-responsive wp-image-19052\" srcset=\"https:\/\/leonbijelic.com\/wp-content\/uploads\/2018\/08\/AJ2Q3644-200x64.jpg 200w, https:\/\/leonbijelic.com\/wp-content\/uploads\/2018\/08\/AJ2Q3644-400x129.jpg 400w, https:\/\/leonbijelic.com\/wp-content\/uploads\/2018\/08\/AJ2Q3644-600x193.jpg 600w, https:\/\/leonbijelic.com\/wp-content\/uploads\/2018\/08\/AJ2Q3644-800x258.jpg 800w, https:\/\/leonbijelic.com\/wp-content\/uploads\/2018\/08\/AJ2Q3644-1200x387.jpg 1200w, https:\/\/leonbijelic.com\/wp-content\/uploads\/2018\/08\/AJ2Q3644.jpg 3000w\" sizes=\"auto, (min-width: 2200px) 100vw, (min-width: 824px) 363px, (min-width: 732px) 545px, (min-width: 640px) 732px, \" \/><\/a><\/div><\/div><div style=\"padding:5px;\" class=\"fusion-grid-column fusion-gallery-column fusion-gallery-column-3 hover-type-none\"><div class=\"fusion-gallery-image\"><a href=\"https:\/\/leonbijelic.com\/wp-content\/uploads\/2018\/08\/AJ2Q3652.jpg\" rel=\"noreferrer\" data-rel=\"iLightbox[gallery_image_1]\" class=\"fusion-lightbox\"><img loading=\"lazy\" loading=\"lazy\" decoding=\"async\" src=\"https:\/\/leonbijelic.com\/wp-content\/uploads\/2018\/08\/AJ2Q3652.jpg\" width=\"3000\" height=\"1186\" alt=\"SPAIN: MALLORCA ISLAND \/ PALMA \/ PORTO CRISTO \/ CAVES DEL DRACH \/ PHOTOS \/ PHOTOGRAPHS \/ WALLPAPER \/ LEON BIJELIC \/ PHOTOGRAPHY \/ PHOTOGRAPHER \/ VOCATION \/ HOTEL\" title=\"AJ2Q3652\" aria-label=\"AJ2Q3652\" class=\"img-responsive wp-image-19053\" srcset=\"https:\/\/leonbijelic.com\/wp-content\/uploads\/2018\/08\/AJ2Q3652-200x79.jpg 200w, https:\/\/leonbijelic.com\/wp-content\/uploads\/2018\/08\/AJ2Q3652-400x158.jpg 400w, https:\/\/leonbijelic.com\/wp-content\/uploads\/2018\/08\/AJ2Q3652-600x237.jpg 600w, https:\/\/leonbijelic.com\/wp-content\/uploads\/2018\/08\/AJ2Q3652-800x316.jpg 800w, https:\/\/leonbijelic.com\/wp-content\/uploads\/2018\/08\/AJ2Q3652-1200x474.jpg 1200w, https:\/\/leonbijelic.com\/wp-content\/uploads\/2018\/08\/AJ2Q3652.jpg 3000w\" sizes=\"auto, (min-width: 2200px) 100vw, (min-width: 824px) 363px, (min-width: 732px) 545px, (min-width: 640px) 732px, \" \/><\/a><\/div><\/div><div style=\"padding:5px;\" class=\"fusion-grid-column fusion-gallery-column fusion-gallery-column-3 hover-type-none\"><div class=\"fusion-gallery-image\"><a href=\"https:\/\/leonbijelic.com\/wp-content\/uploads\/2018\/08\/AJ2Q3688.jpg\" rel=\"noreferrer\" data-rel=\"iLightbox[gallery_image_1]\" class=\"fusion-lightbox\"><img loading=\"lazy\" loading=\"lazy\" decoding=\"async\" src=\"https:\/\/leonbijelic.com\/wp-content\/uploads\/2018\/08\/AJ2Q3688.jpg\" width=\"1000\" height=\"1500\" alt=\"SPAIN: MALLORCA ISLAND \/ PALMA \/ PORTO CRISTO \/ CAVES DEL DRACH \/ PHOTOS \/ PHOTOGRAPHS \/ WALLPAPER \/ LEON BIJELIC \/ PHOTOGRAPHY \/ PHOTOGRAPHER \/ VOCATION \/ HOTEL\" title=\"AJ2Q3688\" aria-label=\"AJ2Q3688\" class=\"img-responsive wp-image-19054\" srcset=\"https:\/\/leonbijelic.com\/wp-content\/uploads\/2018\/08\/AJ2Q3688-200x300.jpg 200w, https:\/\/leonbijelic.com\/wp-content\/uploads\/2018\/08\/AJ2Q3688-400x600.jpg 400w, https:\/\/leonbijelic.com\/wp-content\/uploads\/2018\/08\/AJ2Q3688-600x900.jpg 600w, https:\/\/leonbijelic.com\/wp-content\/uploads\/2018\/08\/AJ2Q3688-800x1200.jpg 800w, https:\/\/leonbijelic.com\/wp-content\/uploads\/2018\/08\/AJ2Q3688.jpg 1000w\" sizes=\"auto, (min-width: 2200px) 100vw, (min-width: 824px) 363px, (min-width: 732px) 545px, (min-width: 640px) 732px, \" \/><\/a><\/div><\/div><div class=\"clearfix\"><\/div><div style=\"padding:5px;\" class=\"fusion-grid-column fusion-gallery-column fusion-gallery-column-3 hover-type-none\"><div class=\"fusion-gallery-image\"><a href=\"https:\/\/leonbijelic.com\/wp-content\/uploads\/2018\/08\/AJ2Q3706.jpg\" rel=\"noreferrer\" data-rel=\"iLightbox[gallery_image_1]\" class=\"fusion-lightbox\"><img loading=\"lazy\" loading=\"lazy\" decoding=\"async\" src=\"https:\/\/leonbijelic.com\/wp-content\/uploads\/2018\/08\/AJ2Q3706.jpg\" width=\"3000\" height=\"1230\" alt=\"SPAIN: MALLORCA ISLAND \/ PALMA \/ PORTO CRISTO \/ CAVES DEL DRACH \/ PHOTOS \/ PHOTOGRAPHS \/ WALLPAPER \/ LEON BIJELIC \/ PHOTOGRAPHY \/ PHOTOGRAPHER \/ VOCATION \/ HOTEL \/ IBEROSTAR\" title=\"AJ2Q3706\" aria-label=\"AJ2Q3706\" class=\"img-responsive wp-image-19055\" srcset=\"https:\/\/leonbijelic.com\/wp-content\/uploads\/2018\/08\/AJ2Q3706-200x82.jpg 200w, https:\/\/leonbijelic.com\/wp-content\/uploads\/2018\/08\/AJ2Q3706-400x164.jpg 400w, https:\/\/leonbijelic.com\/wp-content\/uploads\/2018\/08\/AJ2Q3706-600x246.jpg 600w, https:\/\/leonbijelic.com\/wp-content\/uploads\/2018\/08\/AJ2Q3706-800x328.jpg 800w, https:\/\/leonbijelic.com\/wp-content\/uploads\/2018\/08\/AJ2Q3706-1200x492.jpg 1200w, https:\/\/leonbijelic.com\/wp-content\/uploads\/2018\/08\/AJ2Q3706.jpg 3000w\" sizes=\"auto, (min-width: 2200px) 100vw, (min-width: 824px) 363px, (min-width: 732px) 545px, (min-width: 640px) 732px, \" \/><\/a><\/div><\/div><div style=\"padding:5px;\" class=\"fusion-grid-column fusion-gallery-column fusion-gallery-column-3 hover-type-none\"><div class=\"fusion-gallery-image\"><a href=\"https:\/\/leonbijelic.com\/wp-content\/uploads\/2018\/08\/AJ2Q3749.jpg\" rel=\"noreferrer\" data-rel=\"iLightbox[gallery_image_1]\" class=\"fusion-lightbox\"><img loading=\"lazy\" loading=\"lazy\" decoding=\"async\" src=\"https:\/\/leonbijelic.com\/wp-content\/uploads\/2018\/08\/AJ2Q3749.jpg\" width=\"1000\" height=\"1500\" alt=\"SPAIN: MALLORCA ISLAND \/ PALMA \/ PORTO CRISTO \/ CAVES DEL DRACH \/ PHOTOS \/ PHOTOGRAPHS \/ WALLPAPER \/ LEON BIJELIC \/ PHOTOGRAPHY \/ PHOTOGRAPHER \/ VOCATION \/ HOTEL \/ IBEROSTAR\" title=\"AJ2Q3749\" aria-label=\"AJ2Q3749\" class=\"img-responsive wp-image-19056\" srcset=\"https:\/\/leonbijelic.com\/wp-content\/uploads\/2018\/08\/AJ2Q3749-200x300.jpg 200w, https:\/\/leonbijelic.com\/wp-content\/uploads\/2018\/08\/AJ2Q3749-400x600.jpg 400w, https:\/\/leonbijelic.com\/wp-content\/uploads\/2018\/08\/AJ2Q3749-600x900.jpg 600w, https:\/\/leonbijelic.com\/wp-content\/uploads\/2018\/08\/AJ2Q3749-800x1200.jpg 800w, https:\/\/leonbijelic.com\/wp-content\/uploads\/2018\/08\/AJ2Q3749.jpg 1000w\" sizes=\"auto, (min-width: 2200px) 100vw, (min-width: 824px) 363px, (min-width: 732px) 545px, (min-width: 640px) 732px, \" \/><\/a><\/div><\/div><div style=\"padding:5px;\" class=\"fusion-grid-column fusion-gallery-column fusion-gallery-column-3 hover-type-none\"><div class=\"fusion-gallery-image\"><a href=\"https:\/\/leonbijelic.com\/wp-content\/uploads\/2018\/08\/AJ2Q3751.jpg\" rel=\"noreferrer\" data-rel=\"iLightbox[gallery_image_1]\" class=\"fusion-lightbox\"><img loading=\"lazy\" loading=\"lazy\" decoding=\"async\" src=\"https:\/\/leonbijelic.com\/wp-content\/uploads\/2018\/08\/AJ2Q3751.jpg\" width=\"1500\" height=\"907\" alt=\"SPAIN: MALLORCA ISLAND \/ PALMA \/ PORTO CRISTO \/ CAVES DEL DRACH \/ PHOTOS \/ PHOTOGRAPHS \/ WALLPAPER \/ LEON BIJELIC \/ PHOTOGRAPHY \/ PHOTOGRAPHER \/ VOCATION \/ HOTEL \/ IBEROSTAR\" title=\"AJ2Q3751\" aria-label=\"AJ2Q3751\" class=\"img-responsive wp-image-19057\" srcset=\"https:\/\/leonbijelic.com\/wp-content\/uploads\/2018\/08\/AJ2Q3751-200x121.jpg 200w, https:\/\/leonbijelic.com\/wp-content\/uploads\/2018\/08\/AJ2Q3751-400x242.jpg 400w, https:\/\/leonbijelic.com\/wp-content\/uploads\/2018\/08\/AJ2Q3751-600x363.jpg 600w, https:\/\/leonbijelic.com\/wp-content\/uploads\/2018\/08\/AJ2Q3751-800x484.jpg 800w, https:\/\/leonbijelic.com\/wp-content\/uploads\/2018\/08\/AJ2Q3751-1200x726.jpg 1200w, https:\/\/leonbijelic.com\/wp-content\/uploads\/2018\/08\/AJ2Q3751.jpg 1500w\" sizes=\"auto, (min-width: 2200px) 100vw, (min-width: 824px) 363px, (min-width: 732px) 545px, (min-width: 640px) 732px, \" \/><\/a><\/div><\/div><div class=\"clearfix\"><\/div><div style=\"padding:5px;\" class=\"fusion-grid-column fusion-gallery-column fusion-gallery-column-3 hover-type-none\"><div class=\"fusion-gallery-image\"><a href=\"https:\/\/leonbijelic.com\/wp-content\/uploads\/2018\/08\/AJ2Q3764-.jpg\" rel=\"noreferrer\" data-rel=\"iLightbox[gallery_image_1]\" class=\"fusion-lightbox\"><img loading=\"lazy\" loading=\"lazy\" decoding=\"async\" src=\"https:\/\/leonbijelic.com\/wp-content\/uploads\/2018\/08\/AJ2Q3764-.jpg\" width=\"3000\" height=\"1187\" alt=\"SPAIN: MALLORCA ISLAND \/ PALMA \/ PORTO CRISTO \/ CAVES DEL DRACH \/ PHOTOS \/ PHOTOGRAPHS \/ WALLPAPER \/ LEON BIJELIC \/ PHOTOGRAPHY \/ PHOTOGRAPHER \/ VOCATION \/ HOTEL \/ MARICEL HOSPES\" title=\"AJ2Q3764-\" aria-label=\"AJ2Q3764-\" class=\"img-responsive wp-image-19058\" srcset=\"https:\/\/leonbijelic.com\/wp-content\/uploads\/2018\/08\/AJ2Q3764--200x79.jpg 200w, https:\/\/leonbijelic.com\/wp-content\/uploads\/2018\/08\/AJ2Q3764--400x158.jpg 400w, https:\/\/leonbijelic.com\/wp-content\/uploads\/2018\/08\/AJ2Q3764--600x237.jpg 600w, https:\/\/leonbijelic.com\/wp-content\/uploads\/2018\/08\/AJ2Q3764--800x317.jpg 800w, https:\/\/leonbijelic.com\/wp-content\/uploads\/2018\/08\/AJ2Q3764--1200x475.jpg 1200w, https:\/\/leonbijelic.com\/wp-content\/uploads\/2018\/08\/AJ2Q3764-.jpg 3000w\" sizes=\"auto, (min-width: 2200px) 100vw, (min-width: 824px) 363px, (min-width: 732px) 545px, (min-width: 640px) 732px, \" \/><\/a><\/div><\/div><div style=\"padding:5px;\" class=\"fusion-grid-column fusion-gallery-column fusion-gallery-column-3 hover-type-none\"><div class=\"fusion-gallery-image\"><a href=\"https:\/\/leonbijelic.com\/wp-content\/uploads\/2018\/08\/AJ2Q3765.jpg\" rel=\"noreferrer\" data-rel=\"iLightbox[gallery_image_1]\" class=\"fusion-lightbox\"><img loading=\"lazy\" loading=\"lazy\" decoding=\"async\" src=\"https:\/\/leonbijelic.com\/wp-content\/uploads\/2018\/08\/AJ2Q3765.jpg\" width=\"1500\" height=\"1000\" alt=\"SPAIN: MALLORCA ISLAND \/ PALMA \/ PORTO CRISTO \/ CAVES DEL DRACH \/ PHOTOS \/ PHOTOGRAPHS \/ WALLPAPER \/ LEON BIJELIC \/ PHOTOGRAPHY \/ PHOTOGRAPHER \/ VOCATION \/ HOTEL \/ MARICEL HOSPES\" title=\"AJ2Q3765\" aria-label=\"AJ2Q3765\" class=\"img-responsive wp-image-19059\" srcset=\"https:\/\/leonbijelic.com\/wp-content\/uploads\/2018\/08\/AJ2Q3765-200x133.jpg 200w, https:\/\/leonbijelic.com\/wp-content\/uploads\/2018\/08\/AJ2Q3765-400x267.jpg 400w, https:\/\/leonbijelic.com\/wp-content\/uploads\/2018\/08\/AJ2Q3765-600x400.jpg 600w, https:\/\/leonbijelic.com\/wp-content\/uploads\/2018\/08\/AJ2Q3765-800x533.jpg 800w, https:\/\/leonbijelic.com\/wp-content\/uploads\/2018\/08\/AJ2Q3765-1200x800.jpg 1200w, https:\/\/leonbijelic.com\/wp-content\/uploads\/2018\/08\/AJ2Q3765.jpg 1500w\" sizes=\"auto, (min-width: 2200px) 100vw, (min-width: 824px) 363px, (min-width: 732px) 545px, (min-width: 640px) 732px, \" \/><\/a><\/div><\/div><div style=\"padding:5px;\" class=\"fusion-grid-column fusion-gallery-column fusion-gallery-column-3 hover-type-none\"><div class=\"fusion-gallery-image\"><a href=\"https:\/\/leonbijelic.com\/wp-content\/uploads\/2018\/08\/AJ2Q3772.jpg\" rel=\"noreferrer\" data-rel=\"iLightbox[gallery_image_1]\" class=\"fusion-lightbox\"><img loading=\"lazy\" loading=\"lazy\" decoding=\"async\" src=\"https:\/\/leonbijelic.com\/wp-content\/uploads\/2018\/08\/AJ2Q3772.jpg\" width=\"1500\" height=\"969\" alt=\"SPAIN: MALLORCA ISLAND \/ PALMA \/ PORTO CRISTO \/ CAVES DEL DRACH \/ PHOTOS \/ PHOTOGRAPHS \/ WALLPAPER \/ LEON BIJELIC \/ PHOTOGRAPHY \/ PHOTOGRAPHER \/ VOCATION \/ HOTEL \/ MARICEL HOSPES\" title=\"AJ2Q3772\" aria-label=\"AJ2Q3772\" class=\"img-responsive wp-image-19060\" srcset=\"https:\/\/leonbijelic.com\/wp-content\/uploads\/2018\/08\/AJ2Q3772-200x129.jpg 200w, https:\/\/leonbijelic.com\/wp-content\/uploads\/2018\/08\/AJ2Q3772-400x258.jpg 400w, https:\/\/leonbijelic.com\/wp-content\/uploads\/2018\/08\/AJ2Q3772-600x388.jpg 600w, https:\/\/leonbijelic.com\/wp-content\/uploads\/2018\/08\/AJ2Q3772-800x517.jpg 800w, https:\/\/leonbijelic.com\/wp-content\/uploads\/2018\/08\/AJ2Q3772-1200x775.jpg 1200w, https:\/\/leonbijelic.com\/wp-content\/uploads\/2018\/08\/AJ2Q3772.jpg 1500w\" sizes=\"auto, (min-width: 2200px) 100vw, (min-width: 824px) 363px, (min-width: 732px) 545px, (min-width: 640px) 732px, \" \/><\/a><\/div><\/div><div class=\"clearfix\"><\/div><div style=\"padding:5px;\" class=\"fusion-grid-column fusion-gallery-column fusion-gallery-column-3 hover-type-none\"><div class=\"fusion-gallery-image\"><a href=\"https:\/\/leonbijelic.com\/wp-content\/uploads\/2018\/08\/AJ2Q3783.jpg\" rel=\"noreferrer\" data-rel=\"iLightbox[gallery_image_1]\" class=\"fusion-lightbox\"><img loading=\"lazy\" loading=\"lazy\" decoding=\"async\" src=\"https:\/\/leonbijelic.com\/wp-content\/uploads\/2018\/08\/AJ2Q3783.jpg\" width=\"1500\" height=\"1000\" alt=\"SPAIN: MALLORCA ISLAND \/ PALMA \/ PORTO CRISTO \/ CAVES DEL DRACH \/ PHOTOS \/ PHOTOGRAPHS \/ WALLPAPER \/ LEON BIJELIC \/ PHOTOGRAPHY \/ PHOTOGRAPHER \/ VOCATION \/ HOTEL \/ STREET \/ ARCHITECTURE\" title=\"AJ2Q3783\" aria-label=\"AJ2Q3783\" class=\"img-responsive wp-image-19061\" srcset=\"https:\/\/leonbijelic.com\/wp-content\/uploads\/2018\/08\/AJ2Q3783-200x133.jpg 200w, https:\/\/leonbijelic.com\/wp-content\/uploads\/2018\/08\/AJ2Q3783-400x267.jpg 400w, https:\/\/leonbijelic.com\/wp-content\/uploads\/2018\/08\/AJ2Q3783-600x400.jpg 600w, https:\/\/leonbijelic.com\/wp-content\/uploads\/2018\/08\/AJ2Q3783-800x533.jpg 800w, https:\/\/leonbijelic.com\/wp-content\/uploads\/2018\/08\/AJ2Q3783-1200x800.jpg 1200w, https:\/\/leonbijelic.com\/wp-content\/uploads\/2018\/08\/AJ2Q3783.jpg 1500w\" sizes=\"auto, (min-width: 2200px) 100vw, (min-width: 824px) 363px, (min-width: 732px) 545px, (min-width: 640px) 732px, \" \/><\/a><\/div><\/div><div style=\"padding:5px;\" class=\"fusion-grid-column fusion-gallery-column fusion-gallery-column-3 hover-type-none\"><div class=\"fusion-gallery-image\"><a href=\"https:\/\/leonbijelic.com\/wp-content\/uploads\/2018\/08\/AJ2Q3800.jpg\" rel=\"noreferrer\" data-rel=\"iLightbox[gallery_image_1]\" class=\"fusion-lightbox\"><img loading=\"lazy\" loading=\"lazy\" decoding=\"async\" src=\"https:\/\/leonbijelic.com\/wp-content\/uploads\/2018\/08\/AJ2Q3800.jpg\" width=\"1500\" height=\"1000\" alt=\"SPAIN: MALLORCA ISLAND \/ PALMA \/ PORTO CRISTO \/ CAVES DEL DRACH \/ PHOTOS \/ PHOTOGRAPHS \/ WALLPAPER \/ LEON BIJELIC \/ PHOTOGRAPHY \/ PHOTOGRAPHER \/ VOCATION \/ HOTEL \/ STREET \/ ARCHITECTURE\" title=\"AJ2Q3800\" aria-label=\"AJ2Q3800\" class=\"img-responsive wp-image-19062\" srcset=\"https:\/\/leonbijelic.com\/wp-content\/uploads\/2018\/08\/AJ2Q3800-200x133.jpg 200w, https:\/\/leonbijelic.com\/wp-content\/uploads\/2018\/08\/AJ2Q3800-400x267.jpg 400w, https:\/\/leonbijelic.com\/wp-content\/uploads\/2018\/08\/AJ2Q3800-600x400.jpg 600w, https:\/\/leonbijelic.com\/wp-content\/uploads\/2018\/08\/AJ2Q3800-800x533.jpg 800w, https:\/\/leonbijelic.com\/wp-content\/uploads\/2018\/08\/AJ2Q3800-1200x800.jpg 1200w, https:\/\/leonbijelic.com\/wp-content\/uploads\/2018\/08\/AJ2Q3800.jpg 1500w\" sizes=\"auto, (min-width: 2200px) 100vw, (min-width: 824px) 363px, (min-width: 732px) 545px, (min-width: 640px) 732px, \" \/><\/a><\/div><\/div><div style=\"padding:5px;\" class=\"fusion-grid-column fusion-gallery-column fusion-gallery-column-3 hover-type-none\"><div class=\"fusion-gallery-image\"><a href=\"https:\/\/leonbijelic.com\/wp-content\/uploads\/2018\/08\/AJ2Q3803.jpg\" rel=\"noreferrer\" data-rel=\"iLightbox[gallery_image_1]\" class=\"fusion-lightbox\"><img loading=\"lazy\" loading=\"lazy\" decoding=\"async\" src=\"https:\/\/leonbijelic.com\/wp-content\/uploads\/2018\/08\/AJ2Q3803.jpg\" width=\"1000\" height=\"1500\" alt=\"SPAIN: MALLORCA ISLAND \/ PALMA \/ PORTO CRISTO \/ CAVES DEL DRACH \/ PHOTOS \/ PHOTOGRAPHS \/ WALLPAPER \/ LEON BIJELIC \/ PHOTOGRAPHY \/ PHOTOGRAPHER \/ VOCATION \/ HOTEL \/ STREET \/ ARCHITECTURE\" title=\"AJ2Q3803\" aria-label=\"AJ2Q3803\" class=\"img-responsive wp-image-19063\" srcset=\"https:\/\/leonbijelic.com\/wp-content\/uploads\/2018\/08\/AJ2Q3803-200x300.jpg 200w, https:\/\/leonbijelic.com\/wp-content\/uploads\/2018\/08\/AJ2Q3803-400x600.jpg 400w, https:\/\/leonbijelic.com\/wp-content\/uploads\/2018\/08\/AJ2Q3803-600x900.jpg 600w, https:\/\/leonbijelic.com\/wp-content\/uploads\/2018\/08\/AJ2Q3803-800x1200.jpg 800w, https:\/\/leonbijelic.com\/wp-content\/uploads\/2018\/08\/AJ2Q3803.jpg 1000w\" sizes=\"auto, (min-width: 2200px) 100vw, (min-width: 824px) 363px, (min-width: 732px) 545px, (min-width: 640px) 732px, \" \/><\/a><\/div><\/div><div class=\"clearfix\"><\/div><div style=\"padding:5px;\" class=\"fusion-grid-column fusion-gallery-column fusion-gallery-column-3 hover-type-none\"><div class=\"fusion-gallery-image\"><a href=\"https:\/\/leonbijelic.com\/wp-content\/uploads\/2018\/08\/AJ2Q3811.jpg\" rel=\"noreferrer\" data-rel=\"iLightbox[gallery_image_1]\" class=\"fusion-lightbox\"><img loading=\"lazy\" loading=\"lazy\" decoding=\"async\" src=\"https:\/\/leonbijelic.com\/wp-content\/uploads\/2018\/08\/AJ2Q3811.jpg\" width=\"1000\" height=\"1500\" alt=\"SPAIN: MALLORCA ISLAND \/ PALMA \/ PORTO CRISTO \/ CAVES DEL DRACH \/ PHOTOS \/ PHOTOGRAPHS \/ WALLPAPER \/ LEON BIJELIC \/ PHOTOGRAPHY \/ PHOTOGRAPHER \/ VOCATION \/ HOTEL \/ STREET \/ ART\" title=\"AJ2Q3811\" aria-label=\"AJ2Q3811\" class=\"img-responsive wp-image-19064\" srcset=\"https:\/\/leonbijelic.com\/wp-content\/uploads\/2018\/08\/AJ2Q3811-200x300.jpg 200w, https:\/\/leonbijelic.com\/wp-content\/uploads\/2018\/08\/AJ2Q3811-400x600.jpg 400w, https:\/\/leonbijelic.com\/wp-content\/uploads\/2018\/08\/AJ2Q3811-600x900.jpg 600w, https:\/\/leonbijelic.com\/wp-content\/uploads\/2018\/08\/AJ2Q3811-800x1200.jpg 800w, https:\/\/leonbijelic.com\/wp-content\/uploads\/2018\/08\/AJ2Q3811.jpg 1000w\" sizes=\"auto, (min-width: 2200px) 100vw, (min-width: 824px) 363px, (min-width: 732px) 545px, (min-width: 640px) 732px, \" \/><\/a><\/div><\/div><div style=\"padding:5px;\" class=\"fusion-grid-column fusion-gallery-column fusion-gallery-column-3 hover-type-none\"><div class=\"fusion-gallery-image\"><a href=\"https:\/\/leonbijelic.com\/wp-content\/uploads\/2018\/08\/AJ2Q3820.jpg\" rel=\"noreferrer\" data-rel=\"iLightbox[gallery_image_1]\" class=\"fusion-lightbox\"><img loading=\"lazy\" loading=\"lazy\" decoding=\"async\" src=\"https:\/\/leonbijelic.com\/wp-content\/uploads\/2018\/08\/AJ2Q3820.jpg\" width=\"3000\" height=\"736\" alt=\"SPAIN: MALLORCA ISLAND \/ PALMA \/ PORTO CRISTO \/ CAVES DEL DRACH \/ PHOTOS \/ PHOTOGRAPHS \/ WALLPAPER \/ LEON BIJELIC \/ PHOTOGRAPHY \/ PHOTOGRAPHER \/ VOCATION \/ HOTEL \/ The Cathedral of Santa Maria of Palma \/ ARCHITECTURE\" title=\"AJ2Q3820\" aria-label=\"AJ2Q3820\" class=\"img-responsive wp-image-19065\" srcset=\"https:\/\/leonbijelic.com\/wp-content\/uploads\/2018\/08\/AJ2Q3820-200x49.jpg 200w, https:\/\/leonbijelic.com\/wp-content\/uploads\/2018\/08\/AJ2Q3820-400x98.jpg 400w, https:\/\/leonbijelic.com\/wp-content\/uploads\/2018\/08\/AJ2Q3820-600x147.jpg 600w, https:\/\/leonbijelic.com\/wp-content\/uploads\/2018\/08\/AJ2Q3820-800x196.jpg 800w, https:\/\/leonbijelic.com\/wp-content\/uploads\/2018\/08\/AJ2Q3820-1200x294.jpg 1200w, https:\/\/leonbijelic.com\/wp-content\/uploads\/2018\/08\/AJ2Q3820.jpg 3000w\" sizes=\"auto, (min-width: 2200px) 100vw, (min-width: 824px) 363px, (min-width: 732px) 545px, (min-width: 640px) 732px, \" \/><\/a><\/div><\/div><div style=\"padding:5px;\" class=\"fusion-grid-column fusion-gallery-column fusion-gallery-column-3 hover-type-none\"><div class=\"fusion-gallery-image\"><a href=\"https:\/\/leonbijelic.com\/wp-content\/uploads\/2018\/08\/AJ2Q3825.jpg\" rel=\"noreferrer\" data-rel=\"iLightbox[gallery_image_1]\" class=\"fusion-lightbox\"><img loading=\"lazy\" loading=\"lazy\" decoding=\"async\" src=\"https:\/\/leonbijelic.com\/wp-content\/uploads\/2018\/08\/AJ2Q3825.jpg\" width=\"3000\" height=\"875\" alt=\"SPAIN: MALLORCA ISLAND \/ PALMA \/ PORTO CRISTO \/ CAVES DEL DRACH \/ PHOTOS \/ PHOTOGRAPHS \/ WALLPAPER \/ LEON BIJELIC \/ PHOTOGRAPHY \/ PHOTOGRAPHER \/ VOCATION \/ HOTEL \/ The Cathedral of Santa Maria of Palma \/ ARCHITECTURE\" title=\"AJ2Q3825\" aria-label=\"AJ2Q3825\" class=\"img-responsive wp-image-19066\" srcset=\"https:\/\/leonbijelic.com\/wp-content\/uploads\/2018\/08\/AJ2Q3825-200x58.jpg 200w, https:\/\/leonbijelic.com\/wp-content\/uploads\/2018\/08\/AJ2Q3825-400x117.jpg 400w, https:\/\/leonbijelic.com\/wp-content\/uploads\/2018\/08\/AJ2Q3825-600x175.jpg 600w, https:\/\/leonbijelic.com\/wp-content\/uploads\/2018\/08\/AJ2Q3825-800x233.jpg 800w, https:\/\/leonbijelic.com\/wp-content\/uploads\/2018\/08\/AJ2Q3825-1200x350.jpg 1200w, https:\/\/leonbijelic.com\/wp-content\/uploads\/2018\/08\/AJ2Q3825.jpg 3000w\" sizes=\"auto, (min-width: 2200px) 100vw, (min-width: 824px) 363px, (min-width: 732px) 545px, (min-width: 640px) 732px, \" \/><\/a><\/div><\/div><div class=\"clearfix\"><\/div><div style=\"padding:5px;\" class=\"fusion-grid-column fusion-gallery-column fusion-gallery-column-3 hover-type-none\"><div class=\"fusion-gallery-image\"><a href=\"https:\/\/leonbijelic.com\/wp-content\/uploads\/2018\/08\/AJ2Q3839.jpg\" rel=\"noreferrer\" data-rel=\"iLightbox[gallery_image_1]\" class=\"fusion-lightbox\"><img loading=\"lazy\" loading=\"lazy\" decoding=\"async\" src=\"https:\/\/leonbijelic.com\/wp-content\/uploads\/2018\/08\/AJ2Q3839.jpg\" width=\"3000\" height=\"793\" alt=\"SPAIN: MALLORCA ISLAND \/ PALMA \/ PORTO CRISTO \/ CAVES DEL DRACH \/ PHOTOS \/ PHOTOGRAPHS \/ WALLPAPER \/ LEON BIJELIC \/ PHOTOGRAPHY \/ PHOTOGRAPHER \/ VOCATION \/ HOTEL \/ The Cathedral of Santa Maria of Palma \/ ARCHITECTURE\" title=\"AJ2Q3839\" aria-label=\"AJ2Q3839\" class=\"img-responsive wp-image-19067\" srcset=\"https:\/\/leonbijelic.com\/wp-content\/uploads\/2018\/08\/AJ2Q3839-200x53.jpg 200w, https:\/\/leonbijelic.com\/wp-content\/uploads\/2018\/08\/AJ2Q3839-400x106.jpg 400w, https:\/\/leonbijelic.com\/wp-content\/uploads\/2018\/08\/AJ2Q3839-600x159.jpg 600w, https:\/\/leonbijelic.com\/wp-content\/uploads\/2018\/08\/AJ2Q3839-800x211.jpg 800w, https:\/\/leonbijelic.com\/wp-content\/uploads\/2018\/08\/AJ2Q3839-1200x317.jpg 1200w, https:\/\/leonbijelic.com\/wp-content\/uploads\/2018\/08\/AJ2Q3839.jpg 3000w\" sizes=\"auto, (min-width: 2200px) 100vw, (min-width: 824px) 363px, (min-width: 732px) 545px, (min-width: 640px) 732px, \" \/><\/a><\/div><\/div><div style=\"padding:5px;\" class=\"fusion-grid-column fusion-gallery-column fusion-gallery-column-3 hover-type-none\"><div class=\"fusion-gallery-image\"><a href=\"https:\/\/leonbijelic.com\/wp-content\/uploads\/2018\/08\/AJ2Q3857-2.jpg\" rel=\"noreferrer\" data-rel=\"iLightbox[gallery_image_1]\" class=\"fusion-lightbox\"><img loading=\"lazy\" loading=\"lazy\" decoding=\"async\" src=\"https:\/\/leonbijelic.com\/wp-content\/uploads\/2018\/08\/AJ2Q3857-2.jpg\" width=\"1500\" height=\"1000\" alt=\"SPAIN: MALLORCA ISLAND \/ PALMA \/ PORTO CRISTO \/ CAVES DEL DRACH \/ PHOTOS \/ PHOTOGRAPHS \/ WALLPAPER \/ LEON BIJELIC \/ PHOTOGRAPHY \/ PHOTOGRAPHER \/ VOCATION \/ HOTEL \/ The Cathedral of Santa Maria of Palma \/ ARCHITECTURE\" title=\"AJ2Q3857-2\" aria-label=\"AJ2Q3857-2\" class=\"img-responsive wp-image-19068\" srcset=\"https:\/\/leonbijelic.com\/wp-content\/uploads\/2018\/08\/AJ2Q3857-2-200x133.jpg 200w, https:\/\/leonbijelic.com\/wp-content\/uploads\/2018\/08\/AJ2Q3857-2-400x267.jpg 400w, https:\/\/leonbijelic.com\/wp-content\/uploads\/2018\/08\/AJ2Q3857-2-600x400.jpg 600w, https:\/\/leonbijelic.com\/wp-content\/uploads\/2018\/08\/AJ2Q3857-2-800x533.jpg 800w, https:\/\/leonbijelic.com\/wp-content\/uploads\/2018\/08\/AJ2Q3857-2-1200x800.jpg 1200w, https:\/\/leonbijelic.com\/wp-content\/uploads\/2018\/08\/AJ2Q3857-2.jpg 1500w\" sizes=\"auto, (min-width: 2200px) 100vw, (min-width: 824px) 363px, (min-width: 732px) 545px, (min-width: 640px) 732px, \" \/><\/a><\/div><\/div><div style=\"padding:5px;\" class=\"fusion-grid-column fusion-gallery-column fusion-gallery-column-3 hover-type-none\"><div class=\"fusion-gallery-image\"><a href=\"https:\/\/leonbijelic.com\/wp-content\/uploads\/2018\/08\/AJ2Q3858.jpg\" rel=\"noreferrer\" data-rel=\"iLightbox[gallery_image_1]\" class=\"fusion-lightbox\"><img loading=\"lazy\" loading=\"lazy\" decoding=\"async\" src=\"https:\/\/leonbijelic.com\/wp-content\/uploads\/2018\/08\/AJ2Q3858.jpg\" width=\"1500\" height=\"951\" alt=\"SPAIN: MALLORCA ISLAND \/ PALMA \/ PORTO CRISTO \/ CAVES DEL DRACH \/ PHOTOS \/ PHOTOGRAPHS \/ WALLPAPER \/ LEON BIJELIC \/ PHOTOGRAPHY \/ PHOTOGRAPHER \/ VOCATION \/ HOTEL \/ The Cathedral of Santa Maria of Palma \/ ARCHITECTURE\" title=\"AJ2Q3858\" aria-label=\"AJ2Q3858\" class=\"img-responsive wp-image-19069\" srcset=\"https:\/\/leonbijelic.com\/wp-content\/uploads\/2018\/08\/AJ2Q3858-200x127.jpg 200w, https:\/\/leonbijelic.com\/wp-content\/uploads\/2018\/08\/AJ2Q3858-400x254.jpg 400w, https:\/\/leonbijelic.com\/wp-content\/uploads\/2018\/08\/AJ2Q3858-600x380.jpg 600w, https:\/\/leonbijelic.com\/wp-content\/uploads\/2018\/08\/AJ2Q3858-800x507.jpg 800w, https:\/\/leonbijelic.com\/wp-content\/uploads\/2018\/08\/AJ2Q3858-1200x761.jpg 1200w, https:\/\/leonbijelic.com\/wp-content\/uploads\/2018\/08\/AJ2Q3858.jpg 1500w\" sizes=\"auto, (min-width: 2200px) 100vw, (min-width: 824px) 363px, (min-width: 732px) 545px, (min-width: 640px) 732px, \" \/><\/a><\/div><\/div><div class=\"clearfix\"><\/div><div style=\"padding:5px;\" class=\"fusion-grid-column fusion-gallery-column fusion-gallery-column-3 hover-type-none\"><div class=\"fusion-gallery-image\"><a href=\"https:\/\/leonbijelic.com\/wp-content\/uploads\/2018\/08\/AJ2Q3881.jpg\" rel=\"noreferrer\" data-rel=\"iLightbox[gallery_image_1]\" class=\"fusion-lightbox\"><img loading=\"lazy\" loading=\"lazy\" decoding=\"async\" src=\"https:\/\/leonbijelic.com\/wp-content\/uploads\/2018\/08\/AJ2Q3881.jpg\" width=\"1500\" height=\"859\" alt=\"SPAIN: MALLORCA ISLAND \/ PALMA \/ PORTO CRISTO \/ CAVES DEL DRACH \/ PHOTOS \/ PHOTOGRAPHS \/ WALLPAPER \/ LEON BIJELIC \/ PHOTOGRAPHY \/ PHOTOGRAPHER \/ VOCATION \/ HOTEL \/ CITY \/ ARCHITECTURE\" title=\"AJ2Q3881\" aria-label=\"AJ2Q3881\" class=\"img-responsive wp-image-19070\" srcset=\"https:\/\/leonbijelic.com\/wp-content\/uploads\/2018\/08\/AJ2Q3881-200x115.jpg 200w, https:\/\/leonbijelic.com\/wp-content\/uploads\/2018\/08\/AJ2Q3881-400x229.jpg 400w, https:\/\/leonbijelic.com\/wp-content\/uploads\/2018\/08\/AJ2Q3881-600x344.jpg 600w, https:\/\/leonbijelic.com\/wp-content\/uploads\/2018\/08\/AJ2Q3881-800x458.jpg 800w, https:\/\/leonbijelic.com\/wp-content\/uploads\/2018\/08\/AJ2Q3881-1200x687.jpg 1200w, https:\/\/leonbijelic.com\/wp-content\/uploads\/2018\/08\/AJ2Q3881.jpg 1500w\" sizes=\"auto, (min-width: 2200px) 100vw, (min-width: 824px) 363px, (min-width: 732px) 545px, (min-width: 640px) 732px, \" \/><\/a><\/div><\/div><div style=\"padding:5px;\" class=\"fusion-grid-column fusion-gallery-column fusion-gallery-column-3 hover-type-none\"><div class=\"fusion-gallery-image\"><a href=\"https:\/\/leonbijelic.com\/wp-content\/uploads\/2018\/08\/AJ2Q3902.jpg\" rel=\"noreferrer\" data-rel=\"iLightbox[gallery_image_1]\" class=\"fusion-lightbox\"><img loading=\"lazy\" loading=\"lazy\" decoding=\"async\" src=\"https:\/\/leonbijelic.com\/wp-content\/uploads\/2018\/08\/AJ2Q3902.jpg\" width=\"1000\" height=\"1500\" alt=\"SPAIN: MALLORCA ISLAND \/ PALMA \/ PORTO CRISTO \/ CAVES DEL DRACH \/ PHOTOS \/ PHOTOGRAPHS \/ WALLPAPER \/ LEON BIJELIC \/ PHOTOGRAPHY \/ PHOTOGRAPHER \/ VOCATION \/ HOTEL \/ COAST \/ TRAVEL\" title=\"AJ2Q3902\" aria-label=\"AJ2Q3902\" class=\"img-responsive wp-image-19071\" srcset=\"https:\/\/leonbijelic.com\/wp-content\/uploads\/2018\/08\/AJ2Q3902-200x300.jpg 200w, https:\/\/leonbijelic.com\/wp-content\/uploads\/2018\/08\/AJ2Q3902-400x600.jpg 400w, https:\/\/leonbijelic.com\/wp-content\/uploads\/2018\/08\/AJ2Q3902-600x900.jpg 600w, https:\/\/leonbijelic.com\/wp-content\/uploads\/2018\/08\/AJ2Q3902-800x1200.jpg 800w, https:\/\/leonbijelic.com\/wp-content\/uploads\/2018\/08\/AJ2Q3902.jpg 1000w\" sizes=\"auto, (min-width: 2200px) 100vw, (min-width: 824px) 363px, (min-width: 732px) 545px, (min-width: 640px) 732px, \" \/><\/a><\/div><\/div><div style=\"padding:5px;\" class=\"fusion-grid-column fusion-gallery-column fusion-gallery-column-3 hover-type-none\"><div class=\"fusion-gallery-image\"><a href=\"https:\/\/leonbijelic.com\/wp-content\/uploads\/2018\/08\/AJ2Q3903.jpg\" rel=\"noreferrer\" data-rel=\"iLightbox[gallery_image_1]\" class=\"fusion-lightbox\"><img loading=\"lazy\" loading=\"lazy\" decoding=\"async\" src=\"https:\/\/leonbijelic.com\/wp-content\/uploads\/2018\/08\/AJ2Q3903.jpg\" width=\"1500\" height=\"791\" alt=\"SPAIN: MALLORCA ISLAND \/ PALMA \/ PORTO CRISTO \/ CAVES DEL DRACH \/ PHOTOS \/ PHOTOGRAPHS \/ WALLPAPER \/ LEON BIJELIC \/ PHOTOGRAPHY \/ PHOTOGRAPHER \/ VOCATION \/ HOTEL \/ COAST \/ TRAVEL\" title=\"AJ2Q3903\" aria-label=\"AJ2Q3903\" class=\"img-responsive wp-image-19072\" srcset=\"https:\/\/leonbijelic.com\/wp-content\/uploads\/2018\/08\/AJ2Q3903-200x105.jpg 200w, https:\/\/leonbijelic.com\/wp-content\/uploads\/2018\/08\/AJ2Q3903-400x211.jpg 400w, https:\/\/leonbijelic.com\/wp-content\/uploads\/2018\/08\/AJ2Q3903-600x316.jpg 600w, https:\/\/leonbijelic.com\/wp-content\/uploads\/2018\/08\/AJ2Q3903-800x422.jpg 800w, https:\/\/leonbijelic.com\/wp-content\/uploads\/2018\/08\/AJ2Q3903-1200x633.jpg 1200w, https:\/\/leonbijelic.com\/wp-content\/uploads\/2018\/08\/AJ2Q3903.jpg 1500w\" sizes=\"auto, (min-width: 2200px) 100vw, (min-width: 824px) 363px, (min-width: 732px) 545px, (min-width: 640px) 732px, \" \/><\/a><\/div><\/div><div class=\"clearfix\"><\/div><div style=\"padding:5px;\" class=\"fusion-grid-column fusion-gallery-column fusion-gallery-column-3 hover-type-none\"><div class=\"fusion-gallery-image\"><a href=\"https:\/\/leonbijelic.com\/wp-content\/uploads\/2018\/08\/AJ2Q3947.jpg\" rel=\"noreferrer\" data-rel=\"iLightbox[gallery_image_1]\" class=\"fusion-lightbox\"><img loading=\"lazy\" loading=\"lazy\" decoding=\"async\" src=\"https:\/\/leonbijelic.com\/wp-content\/uploads\/2018\/08\/AJ2Q3947.jpg\" width=\"1000\" height=\"1500\" alt=\"SPAIN: MALLORCA ISLAND \/ PALMA \/ PORTO CRISTO \/ CAVES DEL DRACH \/ PHOTOS \/ PHOTOGRAPHS \/ WALLPAPER \/ LEON BIJELIC \/ PHOTOGRAPHY \/ PHOTOGRAPHER \/ VOCATION \/ HOTEL \/ COAST \/ TRAVEL\" title=\"AJ2Q3947\" aria-label=\"AJ2Q3947\" class=\"img-responsive wp-image-19073\" srcset=\"https:\/\/leonbijelic.com\/wp-content\/uploads\/2018\/08\/AJ2Q3947-200x300.jpg 200w, https:\/\/leonbijelic.com\/wp-content\/uploads\/2018\/08\/AJ2Q3947-400x600.jpg 400w, https:\/\/leonbijelic.com\/wp-content\/uploads\/2018\/08\/AJ2Q3947-600x900.jpg 600w, https:\/\/leonbijelic.com\/wp-content\/uploads\/2018\/08\/AJ2Q3947-800x1200.jpg 800w, https:\/\/leonbijelic.com\/wp-content\/uploads\/2018\/08\/AJ2Q3947.jpg 1000w\" sizes=\"auto, (min-width: 2200px) 100vw, (min-width: 824px) 363px, (min-width: 732px) 545px, (min-width: 640px) 732px, \" \/><\/a><\/div><\/div><div style=\"padding:5px;\" class=\"fusion-grid-column fusion-gallery-column fusion-gallery-column-3 hover-type-none\"><div class=\"fusion-gallery-image\"><a href=\"https:\/\/leonbijelic.com\/wp-content\/uploads\/2018\/08\/AJ2Q3956.jpg\" rel=\"noreferrer\" data-rel=\"iLightbox[gallery_image_1]\" class=\"fusion-lightbox\"><img loading=\"lazy\" loading=\"lazy\" decoding=\"async\" src=\"https:\/\/leonbijelic.com\/wp-content\/uploads\/2018\/08\/AJ2Q3956.jpg\" width=\"1500\" height=\"1000\" alt=\"SPAIN: MALLORCA ISLAND \/ PALMA \/ PORTO CRISTO \/ CAVES DEL DRACH \/ PHOTOS \/ PHOTOGRAPHS \/ WALLPAPER \/ LEON BIJELIC \/ PHOTOGRAPHY \/ PHOTOGRAPHER \/ VOCATION \/ HOTEL \/ COAST \/ SUN \/ YACHTING \/ YACHT \/ TRAVEL\" title=\"AJ2Q3956\" aria-label=\"AJ2Q3956\" class=\"img-responsive wp-image-19074\" srcset=\"https:\/\/leonbijelic.com\/wp-content\/uploads\/2018\/08\/AJ2Q3956-200x133.jpg 200w, https:\/\/leonbijelic.com\/wp-content\/uploads\/2018\/08\/AJ2Q3956-400x267.jpg 400w, https:\/\/leonbijelic.com\/wp-content\/uploads\/2018\/08\/AJ2Q3956-600x400.jpg 600w, https:\/\/leonbijelic.com\/wp-content\/uploads\/2018\/08\/AJ2Q3956-800x533.jpg 800w, https:\/\/leonbijelic.com\/wp-content\/uploads\/2018\/08\/AJ2Q3956-1200x800.jpg 1200w, https:\/\/leonbijelic.com\/wp-content\/uploads\/2018\/08\/AJ2Q3956.jpg 1500w\" sizes=\"auto, (min-width: 2200px) 100vw, (min-width: 824px) 363px, (min-width: 732px) 545px, (min-width: 640px) 732px, \" \/><\/a><\/div><\/div><div style=\"padding:5px;\" class=\"fusion-grid-column fusion-gallery-column fusion-gallery-column-3 hover-type-none\"><div class=\"fusion-gallery-image\"><a href=\"https:\/\/leonbijelic.com\/wp-content\/uploads\/2018\/08\/AJ2Q3991.jpg\" rel=\"noreferrer\" data-rel=\"iLightbox[gallery_image_1]\" class=\"fusion-lightbox\"><img loading=\"lazy\" loading=\"lazy\" decoding=\"async\" src=\"https:\/\/leonbijelic.com\/wp-content\/uploads\/2018\/08\/AJ2Q3991.jpg\" width=\"1500\" height=\"1000\" alt=\"SPAIN: MALLORCA ISLAND \/ PALMA \/ PORTO CRISTO \/ CAVES DEL DRACH \/ PHOTOS \/ PHOTOGRAPHS \/ WALLPAPER \/ LEON BIJELIC \/ PHOTOGRAPHY \/ PHOTOGRAPHER \/ VOCATION \/ HOTEL \/ COAST \/ SUN\" title=\"AJ2Q3991\" aria-label=\"AJ2Q3991\" class=\"img-responsive wp-image-19075\" srcset=\"https:\/\/leonbijelic.com\/wp-content\/uploads\/2018\/08\/AJ2Q3991-200x133.jpg 200w, https:\/\/leonbijelic.com\/wp-content\/uploads\/2018\/08\/AJ2Q3991-400x267.jpg 400w, https:\/\/leonbijelic.com\/wp-content\/uploads\/2018\/08\/AJ2Q3991-600x400.jpg 600w, https:\/\/leonbijelic.com\/wp-content\/uploads\/2018\/08\/AJ2Q3991-800x533.jpg 800w, https:\/\/leonbijelic.com\/wp-content\/uploads\/2018\/08\/AJ2Q3991-1200x800.jpg 1200w, https:\/\/leonbijelic.com\/wp-content\/uploads\/2018\/08\/AJ2Q3991.jpg 1500w\" sizes=\"auto, (min-width: 2200px) 100vw, (min-width: 824px) 363px, (min-width: 732px) 545px, (min-width: 640px) 732px, \" \/><\/a><\/div><\/div><div class=\"clearfix\"><\/div><div style=\"padding:5px;\" class=\"fusion-grid-column fusion-gallery-column fusion-gallery-column-3 hover-type-none\"><div class=\"fusion-gallery-image\"><a href=\"https:\/\/leonbijelic.com\/wp-content\/uploads\/2018\/08\/AJ2Q4025-2.jpg\" rel=\"noreferrer\" data-rel=\"iLightbox[gallery_image_1]\" class=\"fusion-lightbox\"><img loading=\"lazy\" loading=\"lazy\" decoding=\"async\" src=\"https:\/\/leonbijelic.com\/wp-content\/uploads\/2018\/08\/AJ2Q4025-2.jpg\" width=\"1500\" height=\"1029\" alt=\"SPAIN: MALLORCA ISLAND \/ PALMA \/ PORTO CRISTO \/ CAVES DEL DRACH \/ PHOTOS \/ PHOTOGRAPHS \/ WALLPAPER \/ LEON BIJELIC \/ PHOTOGRAPHY \/ PHOTOGRAPHER \/ VOCATION \/ HOTEL\" title=\"AJ2Q4025-2\" aria-label=\"AJ2Q4025-2\" class=\"img-responsive wp-image-19076\" srcset=\"https:\/\/leonbijelic.com\/wp-content\/uploads\/2018\/08\/AJ2Q4025-2-200x137.jpg 200w, https:\/\/leonbijelic.com\/wp-content\/uploads\/2018\/08\/AJ2Q4025-2-400x274.jpg 400w, https:\/\/leonbijelic.com\/wp-content\/uploads\/2018\/08\/AJ2Q4025-2-600x412.jpg 600w, https:\/\/leonbijelic.com\/wp-content\/uploads\/2018\/08\/AJ2Q4025-2-800x549.jpg 800w, https:\/\/leonbijelic.com\/wp-content\/uploads\/2018\/08\/AJ2Q4025-2-1200x823.jpg 1200w, https:\/\/leonbijelic.com\/wp-content\/uploads\/2018\/08\/AJ2Q4025-2.jpg 1500w\" sizes=\"auto, (min-width: 2200px) 100vw, (min-width: 824px) 363px, (min-width: 732px) 545px, (min-width: 640px) 732px, \" \/><\/a><\/div><\/div><div style=\"padding:5px;\" class=\"fusion-grid-column fusion-gallery-column fusion-gallery-column-3 hover-type-none\"><div class=\"fusion-gallery-image\"><a href=\"https:\/\/leonbijelic.com\/wp-content\/uploads\/2018\/08\/AJ2Q4043.jpg\" rel=\"noreferrer\" data-rel=\"iLightbox[gallery_image_1]\" class=\"fusion-lightbox\"><img loading=\"lazy\" loading=\"lazy\" decoding=\"async\" src=\"https:\/\/leonbijelic.com\/wp-content\/uploads\/2018\/08\/AJ2Q4043.jpg\" width=\"3000\" height=\"1424\" alt=\"SPAIN: MALLORCA ISLAND \/ PALMA \/ PORTO CRISTO \/ CAVES DEL DRACH \/ PHOTOS \/ PHOTOGRAPHS \/ WALLPAPER \/ LEON BIJELIC \/ PHOTOGRAPHY \/ PHOTOGRAPHER \/ VOCATION \/ HOTEL \/ COAST \/ CRUISER COMPANY\" title=\"AJ2Q4043\" aria-label=\"AJ2Q4043\" class=\"img-responsive wp-image-19077\" srcset=\"https:\/\/leonbijelic.com\/wp-content\/uploads\/2018\/08\/AJ2Q4043-200x95.jpg 200w, https:\/\/leonbijelic.com\/wp-content\/uploads\/2018\/08\/AJ2Q4043-400x190.jpg 400w, https:\/\/leonbijelic.com\/wp-content\/uploads\/2018\/08\/AJ2Q4043-600x285.jpg 600w, https:\/\/leonbijelic.com\/wp-content\/uploads\/2018\/08\/AJ2Q4043-800x380.jpg 800w, https:\/\/leonbijelic.com\/wp-content\/uploads\/2018\/08\/AJ2Q4043-1200x570.jpg 1200w, https:\/\/leonbijelic.com\/wp-content\/uploads\/2018\/08\/AJ2Q4043.jpg 3000w\" sizes=\"auto, (min-width: 2200px) 100vw, (min-width: 824px) 363px, (min-width: 732px) 545px, (min-width: 640px) 732px, \" \/><\/a><\/div><\/div><div style=\"padding:5px;\" class=\"fusion-grid-column fusion-gallery-column fusion-gallery-column-3 hover-type-none\"><div class=\"fusion-gallery-image\"><a href=\"https:\/\/leonbijelic.com\/wp-content\/uploads\/2018\/08\/AJ2Q4083.jpg\" rel=\"noreferrer\" data-rel=\"iLightbox[gallery_image_1]\" class=\"fusion-lightbox\"><img loading=\"lazy\" loading=\"lazy\" decoding=\"async\" src=\"https:\/\/leonbijelic.com\/wp-content\/uploads\/2018\/08\/AJ2Q4083.jpg\" width=\"1000\" height=\"1500\" alt=\"SPAIN: MALLORCA ISLAND \/ PALMA \/ PORTO CRISTO \/ CAVES DEL DRACH \/ PHOTOS \/ PHOTOGRAPHS \/ WALLPAPER \/ LEON BIJELIC \/ PHOTOGRAPHY \/ PHOTOGRAPHER \/ VOCATION \/ HOTEL \/ COAST \/ SUN \/ YACHTING \/ YACHT\" title=\"AJ2Q4083\" aria-label=\"AJ2Q4083\" class=\"img-responsive wp-image-19078\" srcset=\"https:\/\/leonbijelic.com\/wp-content\/uploads\/2018\/08\/AJ2Q4083-200x300.jpg 200w, https:\/\/leonbijelic.com\/wp-content\/uploads\/2018\/08\/AJ2Q4083-400x600.jpg 400w, https:\/\/leonbijelic.com\/wp-content\/uploads\/2018\/08\/AJ2Q4083-600x900.jpg 600w, https:\/\/leonbijelic.com\/wp-content\/uploads\/2018\/08\/AJ2Q4083-800x1200.jpg 800w, https:\/\/leonbijelic.com\/wp-content\/uploads\/2018\/08\/AJ2Q4083.jpg 1000w\" sizes=\"auto, (min-width: 2200px) 100vw, (min-width: 824px) 363px, (min-width: 732px) 545px, (min-width: 640px) 732px, \" \/><\/a><\/div><\/div><div class=\"clearfix\"><\/div><div style=\"padding:5px;\" class=\"fusion-grid-column fusion-gallery-column fusion-gallery-column-3 hover-type-none\"><div class=\"fusion-gallery-image\"><a href=\"https:\/\/leonbijelic.com\/wp-content\/uploads\/2018\/08\/AJ2Q4093.jpg\" rel=\"noreferrer\" data-rel=\"iLightbox[gallery_image_1]\" class=\"fusion-lightbox\"><img loading=\"lazy\" loading=\"lazy\" decoding=\"async\" src=\"https:\/\/leonbijelic.com\/wp-content\/uploads\/2018\/08\/AJ2Q4093.jpg\" width=\"1000\" height=\"1500\" alt=\"SPAIN: MALLORCA ISLAND \/ PALMA \/ PORTO CRISTO \/ CAVES DEL DRACH \/ PHOTOS \/ PHOTOGRAPHS \/ WALLPAPER \/ LEON BIJELIC \/ PHOTOGRAPHY \/ PHOTOGRAPHER \/ VOCATION \/ HOTEL \/ COAST \/ FUNNY MOMENTS\" title=\"AJ2Q4093\" aria-label=\"AJ2Q4093\" class=\"img-responsive wp-image-19079\" srcset=\"https:\/\/leonbijelic.com\/wp-content\/uploads\/2018\/08\/AJ2Q4093-200x300.jpg 200w, https:\/\/leonbijelic.com\/wp-content\/uploads\/2018\/08\/AJ2Q4093-400x600.jpg 400w, https:\/\/leonbijelic.com\/wp-content\/uploads\/2018\/08\/AJ2Q4093-600x900.jpg 600w, https:\/\/leonbijelic.com\/wp-content\/uploads\/2018\/08\/AJ2Q4093-800x1200.jpg 800w, https:\/\/leonbijelic.com\/wp-content\/uploads\/2018\/08\/AJ2Q4093.jpg 1000w\" sizes=\"auto, (min-width: 2200px) 100vw, (min-width: 824px) 363px, (min-width: 732px) 545px, (min-width: 640px) 732px, \" \/><\/a><\/div><\/div><div style=\"padding:5px;\" class=\"fusion-grid-column fusion-gallery-column fusion-gallery-column-3 hover-type-none\"><div class=\"fusion-gallery-image\"><a href=\"https:\/\/leonbijelic.com\/wp-content\/uploads\/2018\/08\/AJ2Q4102.jpg\" rel=\"noreferrer\" data-rel=\"iLightbox[gallery_image_1]\" class=\"fusion-lightbox\"><img loading=\"lazy\" loading=\"lazy\" decoding=\"async\" src=\"https:\/\/leonbijelic.com\/wp-content\/uploads\/2018\/08\/AJ2Q4102.jpg\" width=\"1500\" height=\"812\" alt=\"SPAIN: MALLORCA ISLAND \/ PALMA \/ PORTO CRISTO \/ CAVES DEL DRACH \/ PHOTOS \/ PHOTOGRAPHS \/ WALLPAPER \/ LEON BIJELIC \/ PHOTOGRAPHY \/ PHOTOGRAPHER \/ VOCATION \/ HOTEL \/ COAST \/ FUNNY MOMENTS\" title=\"AJ2Q4102\" aria-label=\"AJ2Q4102\" class=\"img-responsive wp-image-19080\" srcset=\"https:\/\/leonbijelic.com\/wp-content\/uploads\/2018\/08\/AJ2Q4102-200x108.jpg 200w, https:\/\/leonbijelic.com\/wp-content\/uploads\/2018\/08\/AJ2Q4102-400x217.jpg 400w, https:\/\/leonbijelic.com\/wp-content\/uploads\/2018\/08\/AJ2Q4102-600x325.jpg 600w, https:\/\/leonbijelic.com\/wp-content\/uploads\/2018\/08\/AJ2Q4102-800x433.jpg 800w, https:\/\/leonbijelic.com\/wp-content\/uploads\/2018\/08\/AJ2Q4102-1200x650.jpg 1200w, https:\/\/leonbijelic.com\/wp-content\/uploads\/2018\/08\/AJ2Q4102.jpg 1500w\" sizes=\"auto, (min-width: 2200px) 100vw, (min-width: 824px) 363px, (min-width: 732px) 545px, (min-width: 640px) 732px, \" \/><\/a><\/div><\/div><div style=\"padding:5px;\" class=\"fusion-grid-column fusion-gallery-column fusion-gallery-column-3 hover-type-none\"><div class=\"fusion-gallery-image\"><a href=\"https:\/\/leonbijelic.com\/wp-content\/uploads\/2018\/08\/AJ2Q4112-2.jpg\" rel=\"noreferrer\" data-rel=\"iLightbox[gallery_image_1]\" class=\"fusion-lightbox\"><img loading=\"lazy\" loading=\"lazy\" decoding=\"async\" src=\"https:\/\/leonbijelic.com\/wp-content\/uploads\/2018\/08\/AJ2Q4112-2.jpg\" width=\"1000\" height=\"1500\" alt=\"SPAIN: MALLORCA ISLAND \/ PALMA \/ PORTO CRISTO \/ CAVES DEL DRACH \/ PHOTOS \/ PHOTOGRAPHS \/ WALLPAPER \/ LEON BIJELIC \/ PHOTOGRAPHY \/ PHOTOGRAPHER \/ VOCATION \/ HOTEL \/ STREET ART \/ BLACK AND WHITE\" title=\"AJ2Q4112-2\" aria-label=\"AJ2Q4112-2\" class=\"img-responsive wp-image-19081\" srcset=\"https:\/\/leonbijelic.com\/wp-content\/uploads\/2018\/08\/AJ2Q4112-2-200x300.jpg 200w, https:\/\/leonbijelic.com\/wp-content\/uploads\/2018\/08\/AJ2Q4112-2-400x600.jpg 400w, https:\/\/leonbijelic.com\/wp-content\/uploads\/2018\/08\/AJ2Q4112-2-600x900.jpg 600w, https:\/\/leonbijelic.com\/wp-content\/uploads\/2018\/08\/AJ2Q4112-2-800x1200.jpg 800w, https:\/\/leonbijelic.com\/wp-content\/uploads\/2018\/08\/AJ2Q4112-2.jpg 1000w\" sizes=\"auto, (min-width: 2200px) 100vw, (min-width: 824px) 363px, (min-width: 732px) 545px, (min-width: 640px) 732px, \" \/><\/a><\/div><\/div><div class=\"clearfix\"><\/div><div style=\"padding:5px;\" class=\"fusion-grid-column fusion-gallery-column fusion-gallery-column-3 hover-type-none\"><div class=\"fusion-gallery-image\"><a href=\"https:\/\/leonbijelic.com\/wp-content\/uploads\/2018\/08\/AJ2Q4135.jpg\" rel=\"noreferrer\" data-rel=\"iLightbox[gallery_image_1]\" class=\"fusion-lightbox\"><img loading=\"lazy\" loading=\"lazy\" decoding=\"async\" src=\"https:\/\/leonbijelic.com\/wp-content\/uploads\/2018\/08\/AJ2Q4135.jpg\" width=\"1500\" height=\"1087\" alt=\"SPAIN: MALLORCA ISLAND \/ PALMA \/ PORTO CRISTO \/ CAVES DEL DRACH \/ PHOTOS \/ PHOTOGRAPHS \/ WALLPAPER \/ LEON BIJELIC \/ PHOTOGRAPHY \/ PHOTOGRAPHER \/ VOCATION \/ HOTEL \/ EXTERIOR\" title=\"AJ2Q4135\" aria-label=\"AJ2Q4135\" class=\"img-responsive wp-image-19082\" srcset=\"https:\/\/leonbijelic.com\/wp-content\/uploads\/2018\/08\/AJ2Q4135-200x145.jpg 200w, https:\/\/leonbijelic.com\/wp-content\/uploads\/2018\/08\/AJ2Q4135-400x290.jpg 400w, https:\/\/leonbijelic.com\/wp-content\/uploads\/2018\/08\/AJ2Q4135-600x435.jpg 600w, https:\/\/leonbijelic.com\/wp-content\/uploads\/2018\/08\/AJ2Q4135-800x580.jpg 800w, https:\/\/leonbijelic.com\/wp-content\/uploads\/2018\/08\/AJ2Q4135-1200x870.jpg 1200w, https:\/\/leonbijelic.com\/wp-content\/uploads\/2018\/08\/AJ2Q4135.jpg 1500w\" sizes=\"auto, (min-width: 2200px) 100vw, (min-width: 824px) 363px, (min-width: 732px) 545px, (min-width: 640px) 732px, \" \/><\/a><\/div><\/div><div style=\"padding:5px;\" class=\"fusion-grid-column fusion-gallery-column fusion-gallery-column-3 hover-type-none\"><div class=\"fusion-gallery-image\"><a href=\"https:\/\/leonbijelic.com\/wp-content\/uploads\/2018\/08\/AJ2Q4153.jpg\" rel=\"noreferrer\" data-rel=\"iLightbox[gallery_image_1]\" class=\"fusion-lightbox\"><img loading=\"lazy\" loading=\"lazy\" decoding=\"async\" src=\"https:\/\/leonbijelic.com\/wp-content\/uploads\/2018\/08\/AJ2Q4153.jpg\" width=\"1000\" height=\"1500\" alt=\"SPAIN: MALLORCA ISLAND \/ PALMA \/ PORTO CRISTO \/ CAVES DEL DRACH \/ PHOTOS \/ PHOTOGRAPHS \/ WALLPAPER \/ LEON BIJELIC \/ PHOTOGRAPHY \/ PHOTOGRAPHER \/ VOCATION \/ HOTEL \/ STREET ART\" title=\"AJ2Q4153\" aria-label=\"AJ2Q4153\" class=\"img-responsive wp-image-19083\" srcset=\"https:\/\/leonbijelic.com\/wp-content\/uploads\/2018\/08\/AJ2Q4153-200x300.jpg 200w, https:\/\/leonbijelic.com\/wp-content\/uploads\/2018\/08\/AJ2Q4153-400x600.jpg 400w, https:\/\/leonbijelic.com\/wp-content\/uploads\/2018\/08\/AJ2Q4153-600x900.jpg 600w, https:\/\/leonbijelic.com\/wp-content\/uploads\/2018\/08\/AJ2Q4153-800x1200.jpg 800w, https:\/\/leonbijelic.com\/wp-content\/uploads\/2018\/08\/AJ2Q4153.jpg 1000w\" sizes=\"auto, (min-width: 2200px) 100vw, (min-width: 824px) 363px, (min-width: 732px) 545px, (min-width: 640px) 732px, \" \/><\/a><\/div><\/div><div style=\"padding:5px;\" class=\"fusion-grid-column fusion-gallery-column fusion-gallery-column-3 hover-type-none\"><div class=\"fusion-gallery-image\"><a href=\"https:\/\/leonbijelic.com\/wp-content\/uploads\/2018\/08\/AJ2Q4192.jpg\" rel=\"noreferrer\" data-rel=\"iLightbox[gallery_image_1]\" class=\"fusion-lightbox\"><img loading=\"lazy\" loading=\"lazy\" decoding=\"async\" src=\"https:\/\/leonbijelic.com\/wp-content\/uploads\/2018\/08\/AJ2Q4192.jpg\" width=\"1500\" height=\"1000\" alt=\"SPAIN: MALLORCA ISLAND \/ PALMA \/ PORTO CRISTO \/ CAVES DEL DRACH \/ PHOTOS \/ PHOTOGRAPHS \/ WALLPAPER \/ LEON BIJELIC \/ PHOTOGRAPHY \/ PHOTOGRAPHER \/ VOCATION \/ CAVES DEL DRACH\" title=\"AJ2Q4192\" aria-label=\"AJ2Q4192\" class=\"img-responsive wp-image-19084\" srcset=\"https:\/\/leonbijelic.com\/wp-content\/uploads\/2018\/08\/AJ2Q4192-200x133.jpg 200w, https:\/\/leonbijelic.com\/wp-content\/uploads\/2018\/08\/AJ2Q4192-400x267.jpg 400w, https:\/\/leonbijelic.com\/wp-content\/uploads\/2018\/08\/AJ2Q4192-600x400.jpg 600w, https:\/\/leonbijelic.com\/wp-content\/uploads\/2018\/08\/AJ2Q4192-800x533.jpg 800w, https:\/\/leonbijelic.com\/wp-content\/uploads\/2018\/08\/AJ2Q4192-1200x800.jpg 1200w, https:\/\/leonbijelic.com\/wp-content\/uploads\/2018\/08\/AJ2Q4192.jpg 1500w\" sizes=\"auto, (min-width: 2200px) 100vw, (min-width: 824px) 363px, (min-width: 732px) 545px, (min-width: 640px) 732px, \" \/><\/a><\/div><\/div><div class=\"clearfix\"><\/div><div style=\"padding:5px;\" class=\"fusion-grid-column fusion-gallery-column fusion-gallery-column-3 hover-type-none\"><div class=\"fusion-gallery-image\"><a href=\"https:\/\/leonbijelic.com\/wp-content\/uploads\/2018\/08\/AJ2Q4199.jpg\" rel=\"noreferrer\" data-rel=\"iLightbox[gallery_image_1]\" class=\"fusion-lightbox\"><img loading=\"lazy\" loading=\"lazy\" decoding=\"async\" src=\"https:\/\/leonbijelic.com\/wp-content\/uploads\/2018\/08\/AJ2Q4199.jpg\" width=\"1000\" height=\"1500\" alt=\"SPAIN: MALLORCA ISLAND \/ PALMA \/ PORTO CRISTO \/ CAVES DEL DRACH \/ PHOTOS \/ PHOTOGRAPHS \/ WALLPAPER \/ LEON BIJELIC \/ PHOTOGRAPHY \/ PHOTOGRAPHER \/ VOCATION \/ CAVES DEL DRACH\" title=\"AJ2Q4199\" aria-label=\"AJ2Q4199\" class=\"img-responsive wp-image-19085\" srcset=\"https:\/\/leonbijelic.com\/wp-content\/uploads\/2018\/08\/AJ2Q4199-200x300.jpg 200w, https:\/\/leonbijelic.com\/wp-content\/uploads\/2018\/08\/AJ2Q4199-400x600.jpg 400w, https:\/\/leonbijelic.com\/wp-content\/uploads\/2018\/08\/AJ2Q4199-600x900.jpg 600w, https:\/\/leonbijelic.com\/wp-content\/uploads\/2018\/08\/AJ2Q4199-800x1200.jpg 800w, https:\/\/leonbijelic.com\/wp-content\/uploads\/2018\/08\/AJ2Q4199.jpg 1000w\" sizes=\"auto, (min-width: 2200px) 100vw, (min-width: 824px) 363px, (min-width: 732px) 545px, (min-width: 640px) 732px, \" \/><\/a><\/div><\/div><div style=\"padding:5px;\" class=\"fusion-grid-column fusion-gallery-column fusion-gallery-column-3 hover-type-none\"><div class=\"fusion-gallery-image\"><a href=\"https:\/\/leonbijelic.com\/wp-content\/uploads\/2018\/08\/AJ2Q4202.jpg\" rel=\"noreferrer\" data-rel=\"iLightbox[gallery_image_1]\" class=\"fusion-lightbox\"><img loading=\"lazy\" loading=\"lazy\" decoding=\"async\" src=\"https:\/\/leonbijelic.com\/wp-content\/uploads\/2018\/08\/AJ2Q4202.jpg\" width=\"1500\" height=\"1000\" alt=\"SPAIN: MALLORCA ISLAND \/ PALMA \/ PORTO CRISTO \/ CAVES DEL DRACH \/ PHOTOS \/ PHOTOGRAPHS \/ WALLPAPER \/ LEON BIJELIC \/ PHOTOGRAPHY \/ PHOTOGRAPHER \/ VOCATION \/ CAVES DEL DRACH\" title=\"AJ2Q4202\" aria-label=\"AJ2Q4202\" class=\"img-responsive wp-image-19086\" srcset=\"https:\/\/leonbijelic.com\/wp-content\/uploads\/2018\/08\/AJ2Q4202-200x133.jpg 200w, https:\/\/leonbijelic.com\/wp-content\/uploads\/2018\/08\/AJ2Q4202-400x267.jpg 400w, https:\/\/leonbijelic.com\/wp-content\/uploads\/2018\/08\/AJ2Q4202-600x400.jpg 600w, https:\/\/leonbijelic.com\/wp-content\/uploads\/2018\/08\/AJ2Q4202-800x533.jpg 800w, https:\/\/leonbijelic.com\/wp-content\/uploads\/2018\/08\/AJ2Q4202-1200x800.jpg 1200w, https:\/\/leonbijelic.com\/wp-content\/uploads\/2018\/08\/AJ2Q4202.jpg 1500w\" sizes=\"auto, (min-width: 2200px) 100vw, (min-width: 824px) 363px, (min-width: 732px) 545px, (min-width: 640px) 732px, \" \/><\/a><\/div><\/div><div style=\"padding:5px;\" class=\"fusion-grid-column fusion-gallery-column fusion-gallery-column-3 hover-type-none\"><div class=\"fusion-gallery-image\"><a href=\"https:\/\/leonbijelic.com\/wp-content\/uploads\/2018\/08\/AJ2Q4206.jpg\" rel=\"noreferrer\" data-rel=\"iLightbox[gallery_image_1]\" class=\"fusion-lightbox\"><img loading=\"lazy\" loading=\"lazy\" decoding=\"async\" src=\"https:\/\/leonbijelic.com\/wp-content\/uploads\/2018\/08\/AJ2Q4206.jpg\" width=\"1000\" height=\"1500\" alt=\"SPAIN: MALLORCA ISLAND \/ PALMA \/ PORTO CRISTO \/ CAVES DEL DRACH \/ PHOTOS \/ PHOTOGRAPHS \/ WALLPAPER \/ LEON BIJELIC \/ PHOTOGRAPHY \/ PHOTOGRAPHER \/ VOCATION \/ CAVES DEL DRACH \/ TRAVEL\" title=\"AJ2Q4206\" aria-label=\"AJ2Q4206\" class=\"img-responsive wp-image-19087\" srcset=\"https:\/\/leonbijelic.com\/wp-content\/uploads\/2018\/08\/AJ2Q4206-200x300.jpg 200w, https:\/\/leonbijelic.com\/wp-content\/uploads\/2018\/08\/AJ2Q4206-400x600.jpg 400w, https:\/\/leonbijelic.com\/wp-content\/uploads\/2018\/08\/AJ2Q4206-600x900.jpg 600w, https:\/\/leonbijelic.com\/wp-content\/uploads\/2018\/08\/AJ2Q4206-800x1200.jpg 800w, https:\/\/leonbijelic.com\/wp-content\/uploads\/2018\/08\/AJ2Q4206.jpg 1000w\" sizes=\"auto, (min-width: 2200px) 100vw, (min-width: 824px) 363px, (min-width: 732px) 545px, (min-width: 640px) 732px, \" \/><\/a><\/div><\/div><div class=\"clearfix\"><\/div><div style=\"padding:5px;\" class=\"fusion-grid-column fusion-gallery-column fusion-gallery-column-3 hover-type-none\"><div class=\"fusion-gallery-image\"><a href=\"https:\/\/leonbijelic.com\/wp-content\/uploads\/2018\/08\/AJ2Q4212.jpg\" rel=\"noreferrer\" data-rel=\"iLightbox[gallery_image_1]\" class=\"fusion-lightbox\"><img loading=\"lazy\" loading=\"lazy\" decoding=\"async\" src=\"https:\/\/leonbijelic.com\/wp-content\/uploads\/2018\/08\/AJ2Q4212.jpg\" width=\"1500\" height=\"1000\" alt=\"SPAIN: MALLORCA ISLAND \/ PALMA \/ PORTO CRISTO \/ CAVES DEL DRACH \/ PHOTOS \/ PHOTOGRAPHS \/ WALLPAPER \/ LEON BIJELIC \/ PHOTOGRAPHY \/ PHOTOGRAPHER \/ VOCATION \/ CAVES DEL DRACH \/ TRAVEL\" title=\"AJ2Q4212\" aria-label=\"AJ2Q4212\" class=\"img-responsive wp-image-19088\" srcset=\"https:\/\/leonbijelic.com\/wp-content\/uploads\/2018\/08\/AJ2Q4212-200x133.jpg 200w, https:\/\/leonbijelic.com\/wp-content\/uploads\/2018\/08\/AJ2Q4212-400x267.jpg 400w, https:\/\/leonbijelic.com\/wp-content\/uploads\/2018\/08\/AJ2Q4212-600x400.jpg 600w, https:\/\/leonbijelic.com\/wp-content\/uploads\/2018\/08\/AJ2Q4212-800x533.jpg 800w, https:\/\/leonbijelic.com\/wp-content\/uploads\/2018\/08\/AJ2Q4212-1200x800.jpg 1200w, https:\/\/leonbijelic.com\/wp-content\/uploads\/2018\/08\/AJ2Q4212.jpg 1500w\" sizes=\"auto, (min-width: 2200px) 100vw, (min-width: 824px) 363px, (min-width: 732px) 545px, (min-width: 640px) 732px, \" \/><\/a><\/div><\/div><div style=\"padding:5px;\" class=\"fusion-grid-column fusion-gallery-column fusion-gallery-column-3 hover-type-none\"><div class=\"fusion-gallery-image\"><a href=\"https:\/\/leonbijelic.com\/wp-content\/uploads\/2018\/08\/AJ2Q4251.jpg\" rel=\"noreferrer\" data-rel=\"iLightbox[gallery_image_1]\" class=\"fusion-lightbox\"><img loading=\"lazy\" loading=\"lazy\" decoding=\"async\" src=\"https:\/\/leonbijelic.com\/wp-content\/uploads\/2018\/08\/AJ2Q4251.jpg\" width=\"1500\" height=\"1000\" alt=\"SPAIN: MALLORCA ISLAND \/ PALMA \/ PORTO CRISTO \/ CAVES DEL DRACH \/ PHOTOS \/ PHOTOGRAPHS \/ WALLPAPER \/ LEON BIJELIC \/ PHOTOGRAPHY \/ PHOTOGRAPHER \/ VOCATION \/ CAVES DEL DRACH \/ TRAVEL\" title=\"AJ2Q4251\" aria-label=\"AJ2Q4251\" class=\"img-responsive wp-image-19089\" srcset=\"https:\/\/leonbijelic.com\/wp-content\/uploads\/2018\/08\/AJ2Q4251-200x133.jpg 200w, https:\/\/leonbijelic.com\/wp-content\/uploads\/2018\/08\/AJ2Q4251-400x267.jpg 400w, https:\/\/leonbijelic.com\/wp-content\/uploads\/2018\/08\/AJ2Q4251-600x400.jpg 600w, https:\/\/leonbijelic.com\/wp-content\/uploads\/2018\/08\/AJ2Q4251-800x533.jpg 800w, https:\/\/leonbijelic.com\/wp-content\/uploads\/2018\/08\/AJ2Q4251-1200x800.jpg 1200w, https:\/\/leonbijelic.com\/wp-content\/uploads\/2018\/08\/AJ2Q4251.jpg 1500w\" sizes=\"auto, (min-width: 2200px) 100vw, (min-width: 824px) 363px, (min-width: 732px) 545px, (min-width: 640px) 732px, \" \/><\/a><\/div><\/div><div style=\"padding:5px;\" class=\"fusion-grid-column fusion-gallery-column fusion-gallery-column-3 hover-type-none\"><div class=\"fusion-gallery-image\"><a href=\"https:\/\/leonbijelic.com\/wp-content\/uploads\/2018\/08\/AJ2Q4259.jpg\" rel=\"noreferrer\" data-rel=\"iLightbox[gallery_image_1]\" class=\"fusion-lightbox\"><img loading=\"lazy\" loading=\"lazy\" decoding=\"async\" src=\"https:\/\/leonbijelic.com\/wp-content\/uploads\/2018\/08\/AJ2Q4259.jpg\" width=\"1500\" height=\"1000\" alt=\"SPAIN: MALLORCA ISLAND \/ PALMA \/ PORTO CRISTO \/ CAVES DEL DRACH \/ PHOTOS \/ PHOTOGRAPHS \/ WALLPAPER \/ LEON BIJELIC \/ PHOTOGRAPHY \/ PHOTOGRAPHER \/ VOCATION \/ CAVES DEL DRACH \/ TRAVEL\" title=\"AJ2Q4259\" aria-label=\"AJ2Q4259\" class=\"img-responsive wp-image-19090\" srcset=\"https:\/\/leonbijelic.com\/wp-content\/uploads\/2018\/08\/AJ2Q4259-200x133.jpg 200w, https:\/\/leonbijelic.com\/wp-content\/uploads\/2018\/08\/AJ2Q4259-400x267.jpg 400w, https:\/\/leonbijelic.com\/wp-content\/uploads\/2018\/08\/AJ2Q4259-600x400.jpg 600w, https:\/\/leonbijelic.com\/wp-content\/uploads\/2018\/08\/AJ2Q4259-800x533.jpg 800w, https:\/\/leonbijelic.com\/wp-content\/uploads\/2018\/08\/AJ2Q4259-1200x800.jpg 1200w, https:\/\/leonbijelic.com\/wp-content\/uploads\/2018\/08\/AJ2Q4259.jpg 1500w\" sizes=\"auto, (min-width: 2200px) 100vw, (min-width: 824px) 363px, (min-width: 732px) 545px, (min-width: 640px) 732px, \" \/><\/a><\/div><\/div><div class=\"clearfix\"><\/div><div style=\"padding:5px;\" class=\"fusion-grid-column fusion-gallery-column fusion-gallery-column-3 hover-type-none\"><div class=\"fusion-gallery-image\"><a href=\"https:\/\/leonbijelic.com\/wp-content\/uploads\/2018\/08\/AJ2Q4267.jpg\" rel=\"noreferrer\" data-rel=\"iLightbox[gallery_image_1]\" class=\"fusion-lightbox\"><img loading=\"lazy\" loading=\"lazy\" decoding=\"async\" src=\"https:\/\/leonbijelic.com\/wp-content\/uploads\/2018\/08\/AJ2Q4267.jpg\" width=\"1500\" height=\"1000\" alt=\"SPAIN: MALLORCA ISLAND \/ PALMA \/ PORTO CRISTO \/ CAVES DEL DRACH \/ PHOTOS \/ PHOTOGRAPHS \/ WALLPAPER \/ LEON BIJELIC \/ PHOTOGRAPHY \/ PHOTOGRAPHER \/ VOCATION \/ CAVES DEL DRACH \/ TRAVEL\" title=\"AJ2Q4267\" aria-label=\"AJ2Q4267\" class=\"img-responsive wp-image-19091\" srcset=\"https:\/\/leonbijelic.com\/wp-content\/uploads\/2018\/08\/AJ2Q4267-200x133.jpg 200w, https:\/\/leonbijelic.com\/wp-content\/uploads\/2018\/08\/AJ2Q4267-400x267.jpg 400w, https:\/\/leonbijelic.com\/wp-content\/uploads\/2018\/08\/AJ2Q4267-600x400.jpg 600w, https:\/\/leonbijelic.com\/wp-content\/uploads\/2018\/08\/AJ2Q4267-800x533.jpg 800w, https:\/\/leonbijelic.com\/wp-content\/uploads\/2018\/08\/AJ2Q4267-1200x800.jpg 1200w, https:\/\/leonbijelic.com\/wp-content\/uploads\/2018\/08\/AJ2Q4267.jpg 1500w\" sizes=\"auto, (min-width: 2200px) 100vw, (min-width: 824px) 363px, (min-width: 732px) 545px, (min-width: 640px) 732px, \" \/><\/a><\/div><\/div><div style=\"padding:5px;\" class=\"fusion-grid-column fusion-gallery-column fusion-gallery-column-3 hover-type-none\"><div class=\"fusion-gallery-image\"><a href=\"https:\/\/leonbijelic.com\/wp-content\/uploads\/2018\/08\/AJ2Q4290.jpg\" rel=\"noreferrer\" data-rel=\"iLightbox[gallery_image_1]\" class=\"fusion-lightbox\"><img loading=\"lazy\" loading=\"lazy\" decoding=\"async\" src=\"https:\/\/leonbijelic.com\/wp-content\/uploads\/2018\/08\/AJ2Q4290.jpg\" width=\"1500\" height=\"1206\" alt=\"SPAIN: MALLORCA ISLAND \/ PALMA \/ PORTO CRISTO \/ CAVES DEL DRACH \/ PHOTOS \/ PHOTOGRAPHS \/ WALLPAPER \/ LEON BIJELIC \/ PHOTOGRAPHY \/ PHOTOGRAPHER \/ VOCATION \/ COAST \/ TRAVEL\" title=\"AJ2Q4290\" aria-label=\"AJ2Q4290\" class=\"img-responsive wp-image-19092\" srcset=\"https:\/\/leonbijelic.com\/wp-content\/uploads\/2018\/08\/AJ2Q4290-200x161.jpg 200w, https:\/\/leonbijelic.com\/wp-content\/uploads\/2018\/08\/AJ2Q4290-400x322.jpg 400w, https:\/\/leonbijelic.com\/wp-content\/uploads\/2018\/08\/AJ2Q4290-600x482.jpg 600w, https:\/\/leonbijelic.com\/wp-content\/uploads\/2018\/08\/AJ2Q4290-800x643.jpg 800w, https:\/\/leonbijelic.com\/wp-content\/uploads\/2018\/08\/AJ2Q4290-1200x965.jpg 1200w, https:\/\/leonbijelic.com\/wp-content\/uploads\/2018\/08\/AJ2Q4290.jpg 1500w\" sizes=\"auto, (min-width: 2200px) 100vw, (min-width: 824px) 363px, (min-width: 732px) 545px, (min-width: 640px) 732px, \" \/><\/a><\/div><\/div><\/div><\/div><style type=\"text\/css\">.fusion-body .fusion-builder-column-0{width:100% !important;margin-top : 0px;margin-bottom : 0px;}.fusion-builder-column-0 > .fusion-column-wrapper {padding-top : 0px !important;padding-right : 0px !important;margin-right : 0px;padding-bottom : 0px !important;padding-left : 0px !important;margin-left : 0px;}@media only screen and (max-width:1024px) {.fusion-body .fusion-builder-column-0{width:100% !important;}.fusion-builder-column-0 > .fusion-column-wrapper {margin-right : 0px;margin-left : 0px;}}@media only screen and (max-width:410px) {.fusion-body .fusion-builder-column-0{width:100% !important;}.fusion-builder-column-0 > .fusion-column-wrapper {margin-right : 0px;margin-left : 0px;}}<\/style><\/div><\/div><style type=\"text\/css\">.fusion-body .fusion-flex-container.fusion-builder-row-1{ padding-top : 0px;margin-top : 0px;padding-right : 0px;padding-bottom : 0px;margin-bottom : 0px;padding-left : 0px;}<\/style><\/div>\n<div class=\"fcbkbttn_buttons_block\" id=\"fcbkbttn_middle\"><div class=\"fcbkbttn_like \"><fb:like href=\"https:\/\/leonbijelic.com\/de\/portfolio-items\/spain-mallorca-island-palma-cala-millor\/\" action=\"like\" colorscheme=\"light\" layout=\"box_count\"  size=\"small\"><\/fb:like><\/div><\/div>","protected":false},"excerpt":{"rendered":"","protected":false},"author":3,"featured_media":19041,"menu_order":0,"comment_status":"open","ping_status":"closed","template":"","format":"standard","meta":{"footnotes":""},"portfolio_category":[39],"portfolio_skills":[],"portfolio_tags":[170,3043],"class_list":["post-19000","avada_portfolio","type-avada_portfolio","status-publish","format-standard","has-post-thumbnail","hentry","portfolio_category-travel","portfolio_tags-leon-bijelic-photography","portfolio_tags-spain-mallorca"],"translation":{"provider":"WPGlobus","version":"3.0.0","language":"de","enabled_languages":["sr","en","de"],"languages":{"sr":{"title":true,"content":true,"excerpt":false},"en":{"title":true,"content":true,"excerpt":false},"de":{"title":true,"content":true,"excerpt":false}}},"yoast_head":"<!-- This site is optimized with the Yoast SEO plugin v24.8.1 - https:\/\/yoast.com\/wordpress\/plugins\/seo\/ -->\n<title>SPAIN: MALLORCA ISLAND \/ PALMA \/ CALA MILLOR \/ PHOTOS<\/title>\n<meta name=\"description\" content=\"Die sch\u00f6nsten Fotos von Palma, Cala Millor, Sehensw\u00fcrdigkeiten und anderen Orten. Mallorca ist die gr\u00f6\u00dfte Insel der Balearen, die zu Spanien geh\u00f6ren.\" \/>\n<meta name=\"robots\" content=\"index, follow, max-snippet:-1, max-image-preview:large, max-video-preview:-1\" \/>\n<link rel=\"canonical\" href=\"https:\/\/leonbijelic.com\/portfolio-items\/spain-mallorca-island-palma-cala-millor\/\" \/>\n<meta property=\"og:locale\" content=\"de_DE\" \/>\n<meta property=\"og:type\" content=\"article\" \/>\n<meta property=\"og:title\" content=\"Leon Bijelic Photographer, Entrepreneur and Writer\" \/>\n<meta property=\"og:description\" content=\"Die sch\u00f6nsten Fotos von Palma, Cala Millor, Sehensw\u00fcrdigkeiten und anderen Orten. Mallorca ist die gr\u00f6\u00dfte Insel der Balearen, die zu Spanien geh\u00f6ren.\" \/>\n<meta property=\"og:url\" content=\"https:\/\/leonbijelic.com\/portfolio-items\/spain-mallorca-island-palma-cala-millor\/\" \/>\n<meta property=\"og:site_name\" content=\"Leon Bijelic - Fotografie von Essen, Portraits und Architektur\" \/>\n<meta property=\"article:publisher\" content=\"https:\/\/www.facebook.com\/leonbijelicphotography\/\" \/>\n<meta property=\"article:modified_time\" content=\"2018-08-25T22:42:54+00:00\" \/>\n<meta property=\"og:image\" content=\"https:\/\/leonbijelic.com\/wp-content\/uploads\/2018\/08\/AJ2Q3219.jpg\" \/>\n\t<meta property=\"og:image:width\" content=\"1500\" \/>\n\t<meta property=\"og:image:height\" content=\"1000\" \/>\n\t<meta property=\"og:image:type\" content=\"image\/jpeg\" \/>\n<meta name=\"twitter:card\" content=\"summary_large_image\" \/>\n<meta name=\"twitter:site\" content=\"@LeonBijelic\" \/>\n<meta name=\"twitter:label1\" content=\"Est. reading time\" \/>\n\t<meta name=\"twitter:data1\" content=\"6 minutes\" \/>\n<script type=\"application\/ld+json\" class=\"yoast-schema-graph\">{\"@context\":\"https:\/\/schema.org\",\"@graph\":[{\"@type\":\"WebPage\",\"@id\":\"https:\/\/leonbijelic.com\/portfolio-items\/spain-mallorca-island-palma-cala-millor\/\",\"url\":\"https:\/\/leonbijelic.com\/portfolio-items\/spain-mallorca-island-palma-cala-millor\/\",\"name\":\"SPAIN: MALLORCA ISLAND \/ PALMA \/ CALA MILLOR \/ PHOTOS\",\"isPartOf\":{\"@id\":\"https:\/\/leonbijelic.com\/#website\"},\"primaryImageOfPage\":{\"@id\":\"https:\/\/leonbijelic.com\/portfolio-items\/spain-mallorca-island-palma-cala-millor\/#primaryimage\"},\"image\":{\"@id\":\"https:\/\/leonbijelic.com\/portfolio-items\/spain-mallorca-island-palma-cala-millor\/#primaryimage\"},\"thumbnailUrl\":\"https:\/\/leonbijelic.com\/wp-content\/uploads\/2018\/08\/AJ2Q3219.jpg\",\"datePublished\":\"2018-08-20T15:59:29+00:00\",\"dateModified\":\"2018-08-25T22:42:54+00:00\",\"description\":\"Die sch\u00f6nsten Fotos von Palma, Cala Millor, Sehensw\u00fcrdigkeiten und anderen Orten. Mallorca ist die gr\u00f6\u00dfte Insel der Balearen, die zu Spanien geh\u00f6ren.\",\"breadcrumb\":{\"@id\":\"https:\/\/leonbijelic.com\/portfolio-items\/spain-mallorca-island-palma-cala-millor\/#breadcrumb\"},\"inLanguage\":\"de-DE\",\"potentialAction\":[{\"@type\":\"ReadAction\",\"target\":[\"https:\/\/leonbijelic.com\/portfolio-items\/spain-mallorca-island-palma-cala-millor\/\"]}]},{\"@type\":\"ImageObject\",\"inLanguage\":\"de-DE\",\"@id\":\"https:\/\/leonbijelic.com\/portfolio-items\/spain-mallorca-island-palma-cala-millor\/#primaryimage\",\"url\":\"https:\/\/leonbijelic.com\/wp-content\/uploads\/2018\/08\/AJ2Q3219.jpg\",\"contentUrl\":\"https:\/\/leonbijelic.com\/wp-content\/uploads\/2018\/08\/AJ2Q3219.jpg\",\"width\":1500,\"height\":1000,\"caption\":\"SPAIN: MALLORCA ISLAND \/ PALMA \/ PORTO CRISTO \/ CAVES DEL DRACH \/ PHOTOS \/ PHOTOGRAPHS \/ WALLPAPER \/ LEON BIJELIC \/ PHOTOGRAPHY \/ PHOTOGRAPHER \/ VOCATION \/ HOTEL\"},{\"@type\":\"BreadcrumbList\",\"@id\":\"https:\/\/leonbijelic.com\/portfolio-items\/spain-mallorca-island-palma-cala-millor\/#breadcrumb\",\"itemListElement\":[{\"@type\":\"ListItem\",\"position\":1,\"name\":\"Home\",\"item\":\"https:\/\/leonbijelic.com\/\"},{\"@type\":\"ListItem\",\"position\":2,\"name\":\"Portfolio\",\"item\":\"https:\/\/leonbijelic.com\/de\/portfolio-items\/\"},{\"@type\":\"ListItem\",\"position\":3,\"name\":\"SPAIN: MALLORCA ISLAND \/ PALMA \/ CALA MILLOR&#8230;\"}]},{\"@type\":\"WebSite\",\"@id\":\"https:\/\/leonbijelic.com\/#website\",\"url\":\"https:\/\/leonbijelic.com\/\",\"name\":\"Leon Bijelic\",\"description\":\"Leon Bijelic - Fotografie von Essen, Portraits und Architektur\",\"potentialAction\":[{\"@type\":\"SearchAction\",\"target\":{\"@type\":\"EntryPoint\",\"urlTemplate\":\"https:\/\/leonbijelic.com\/?s={search_term_string}\"},\"query-input\":{\"@type\":\"PropertyValueSpecification\",\"valueRequired\":true,\"valueName\":\"search_term_string\"}}],\"inLanguage\":\"de-DE\"}]}<\/script>\n<!-- \/ Yoast SEO plugin. -->","yoast_head_json":{"title":"SPAIN: MALLORCA ISLAND \/ PALMA \/ CALA MILLOR \/ PHOTOS","description":"Die sch\u00f6nsten Fotos von Palma, Cala Millor, Sehensw\u00fcrdigkeiten und anderen Orten. Mallorca ist die gr\u00f6\u00dfte Insel der Balearen, die zu Spanien geh\u00f6ren.","robots":{"index":"index","follow":"follow","max-snippet":"max-snippet:-1","max-image-preview":"max-image-preview:large","max-video-preview":"max-video-preview:-1"},"canonical":"https:\/\/leonbijelic.com\/portfolio-items\/spain-mallorca-island-palma-cala-millor\/","og_locale":"de_DE","og_type":"article","og_title":"Leon Bijelic Photographer, Entrepreneur and Writer","og_description":"Die sch\u00f6nsten Fotos von Palma, Cala Millor, Sehensw\u00fcrdigkeiten und anderen Orten. Mallorca ist die gr\u00f6\u00dfte Insel der Balearen, die zu Spanien geh\u00f6ren.","og_url":"https:\/\/leonbijelic.com\/portfolio-items\/spain-mallorca-island-palma-cala-millor\/","og_site_name":"Leon Bijelic - Fotografie von Essen, Portraits und Architektur","article_publisher":"https:\/\/www.facebook.com\/leonbijelicphotography\/","article_modified_time":"2018-08-25T22:42:54+00:00","og_image":[{"width":1500,"height":1000,"url":"https:\/\/leonbijelic.com\/wp-content\/uploads\/2018\/08\/AJ2Q3219.jpg","type":"image\/jpeg"}],"twitter_card":"summary_large_image","twitter_site":"@LeonBijelic","twitter_misc":{"Est. reading time":"6 minutes"},"schema":{"@context":"https:\/\/schema.org","@graph":[{"@type":"WebPage","@id":"https:\/\/leonbijelic.com\/portfolio-items\/spain-mallorca-island-palma-cala-millor\/","url":"https:\/\/leonbijelic.com\/portfolio-items\/spain-mallorca-island-palma-cala-millor\/","name":"SPAIN: MALLORCA ISLAND \/ PALMA \/ CALA MILLOR \/ PHOTOS","isPartOf":{"@id":"https:\/\/leonbijelic.com\/#website"},"primaryImageOfPage":{"@id":"https:\/\/leonbijelic.com\/portfolio-items\/spain-mallorca-island-palma-cala-millor\/#primaryimage"},"image":{"@id":"https:\/\/leonbijelic.com\/portfolio-items\/spain-mallorca-island-palma-cala-millor\/#primaryimage"},"thumbnailUrl":"https:\/\/leonbijelic.com\/wp-content\/uploads\/2018\/08\/AJ2Q3219.jpg","datePublished":"2018-08-20T15:59:29+00:00","dateModified":"2018-08-25T22:42:54+00:00","description":"Die sch\u00f6nsten Fotos von Palma, Cala Millor, Sehensw\u00fcrdigkeiten und anderen Orten. Mallorca ist die gr\u00f6\u00dfte Insel der Balearen, die zu Spanien geh\u00f6ren.","breadcrumb":{"@id":"https:\/\/leonbijelic.com\/portfolio-items\/spain-mallorca-island-palma-cala-millor\/#breadcrumb"},"inLanguage":"de-DE","potentialAction":[{"@type":"ReadAction","target":["https:\/\/leonbijelic.com\/portfolio-items\/spain-mallorca-island-palma-cala-millor\/"]}]},{"@type":"ImageObject","inLanguage":"de-DE","@id":"https:\/\/leonbijelic.com\/portfolio-items\/spain-mallorca-island-palma-cala-millor\/#primaryimage","url":"https:\/\/leonbijelic.com\/wp-content\/uploads\/2018\/08\/AJ2Q3219.jpg","contentUrl":"https:\/\/leonbijelic.com\/wp-content\/uploads\/2018\/08\/AJ2Q3219.jpg","width":1500,"height":1000,"caption":"SPAIN: MALLORCA ISLAND \/ PALMA \/ PORTO CRISTO \/ CAVES DEL DRACH \/ PHOTOS \/ PHOTOGRAPHS \/ WALLPAPER \/ LEON BIJELIC \/ PHOTOGRAPHY \/ PHOTOGRAPHER \/ VOCATION \/ HOTEL"},{"@type":"BreadcrumbList","@id":"https:\/\/leonbijelic.com\/portfolio-items\/spain-mallorca-island-palma-cala-millor\/#breadcrumb","itemListElement":[{"@type":"ListItem","position":1,"name":"Home","item":"https:\/\/leonbijelic.com\/"},{"@type":"ListItem","position":2,"name":"Portfolio","item":"https:\/\/leonbijelic.com\/de\/portfolio-items\/"},{"@type":"ListItem","position":3,"name":"SPAIN: MALLORCA ISLAND \/ PALMA \/ CALA MILLOR&#8230;"}]},{"@type":"WebSite","@id":"https:\/\/leonbijelic.com\/#website","url":"https:\/\/leonbijelic.com\/","name":"Leon Bijelic","description":"Leon Bijelic - Fotografie von Essen, Portraits und Architektur","potentialAction":[{"@type":"SearchAction","target":{"@type":"EntryPoint","urlTemplate":"https:\/\/leonbijelic.com\/?s={search_term_string}"},"query-input":{"@type":"PropertyValueSpecification","valueRequired":true,"valueName":"search_term_string"}}],"inLanguage":"de-DE"}]}},"_links":{"self":[{"href":"https:\/\/leonbijelic.com\/de\/wp-json\/wp\/v2\/avada_portfolio\/19000","targetHints":{"allow":["GET"]}}],"collection":[{"href":"https:\/\/leonbijelic.com\/de\/wp-json\/wp\/v2\/avada_portfolio"}],"about":[{"href":"https:\/\/leonbijelic.com\/de\/wp-json\/wp\/v2\/types\/avada_portfolio"}],"author":[{"embeddable":true,"href":"https:\/\/leonbijelic.com\/de\/wp-json\/wp\/v2\/users\/3"}],"replies":[{"embeddable":true,"href":"https:\/\/leonbijelic.com\/de\/wp-json\/wp\/v2\/comments?post=19000"}],"version-history":[{"count":15,"href":"https:\/\/leonbijelic.com\/de\/wp-json\/wp\/v2\/avada_portfolio\/19000\/revisions"}],"predecessor-version":[{"id":19168,"href":"https:\/\/leonbijelic.com\/de\/wp-json\/wp\/v2\/avada_portfolio\/19000\/revisions\/19168"}],"wp:featuredmedia":[{"embeddable":true,"href":"https:\/\/leonbijelic.com\/de\/wp-json\/wp\/v2\/media\/19041"}],"wp:attachment":[{"href":"https:\/\/leonbijelic.com\/de\/wp-json\/wp\/v2\/media?parent=19000"}],"wp:term":[{"taxonomy":"portfolio_category","embeddable":true,"href":"https:\/\/leonbijelic.com\/de\/wp-json\/wp\/v2\/portfolio_category?post=19000"},{"taxonomy":"portfolio_skills","embeddable":true,"href":"https:\/\/leonbijelic.com\/de\/wp-json\/wp\/v2\/portfolio_skills?post=19000"},{"taxonomy":"portfolio_tags","embeddable":true,"href":"https:\/\/leonbijelic.com\/de\/wp-json\/wp\/v2\/portfolio_tags?post=19000"}],"curies":[{"name":"wp","href":"https:\/\/api.w.org\/{rel}","templated":true}]}}